{"id":101441,"date":"2018-09-13T07:19:17","date_gmt":"2018-09-13T07:19:17","guid":{"rendered":"https:\/\/easycurtain.ch\/onlineshop\/rideau-de-jour-lyna-aspect-lin-colore\/"},"modified":"2026-03-10T12:23:53","modified_gmt":"2026-03-10T12:23:53","slug":"rideau-de-jour-lyna-aspect-lin-colore","status":"publish","type":"product","link":"https:\/\/easycurtain.ch\/fr-ch\/onlineshop\/rideau-de-jour-lyna-aspect-lin-colore\/","title":{"rendered":"Rideau de jour LYNA (aspect lin, color\u00e9)"},"content":{"rendered":"<div class=\"wpb-content-wrapper\"><p>[vc_row][vc_column][vc_tta_accordion shape=&#8221;square&#8221; color=&#8221;white&#8221; active_section=&#8221;&#8221; no_fill=&#8221;true&#8221; collapsible_all=&#8221;true&#8221;][vc_tta_section title=&#8221;\u00c9chantillons de tissus gratuits&#8221; tab_id=&#8221;samples&#8221;][vc_column_text][vc_row][vc_column width=\"1\/2\"][vc_column_text]<strong>Sois s\u00fbr de toi avec le toucher et la couleur\n<\/strong>Chaque \u00e9cran rend les couleurs diff\u00e9remment.\nUtilise donc notre service gratuit d'\u00e9chantillons de tissus pour \u00eatre s\u00fbr d'obtenir le bon tissu dans la couleur souhait\u00e9e.[\/vc_column_text][vc_empty_space height=\"10px\"][\/vc_column][vc_column width=\"1\/2\"][\/vc_column][\/vc_row][\/vc_column_text][vc_column_text][\/vc_column_text][vc_row_inner][vc_column_inner width=&#8221;1\/5&#8243;][vc_column_text]<img loading=\"lazy\" decoding=\"async\" class=\"alignnone wp-image-99523 size-medium\" src=\"https:\/\/easycurtain.ch\/wp-content\/uploads\/2023\/11\/tagesvorhang-lyna-weiss-stoffmuster-300x300.jpg\" alt=\"\" width=\"300\" height=\"300\" srcset=\"https:\/\/easycurtain.ch\/wp-content\/uploads\/2023\/11\/tagesvorhang-lyna-weiss-stoffmuster-300x300.jpg 300w, https:\/\/easycurtain.ch\/wp-content\/uploads\/2023\/11\/tagesvorhang-lyna-weiss-stoffmuster-1024x1024.jpg 1024w, https:\/\/easycurtain.ch\/wp-content\/uploads\/2023\/11\/tagesvorhang-lyna-weiss-stoffmuster-150x150.jpg 150w, https:\/\/easycurtain.ch\/wp-content\/uploads\/2023\/11\/tagesvorhang-lyna-weiss-stoffmuster-768x768.jpg 768w, https:\/\/easycurtain.ch\/wp-content\/uploads\/2023\/11\/tagesvorhang-lyna-weiss-stoffmuster-680x680.jpg 680w, https:\/\/easycurtain.ch\/wp-content\/uploads\/2023\/11\/tagesvorhang-lyna-weiss-stoffmuster-840x840.jpg 840w, https:\/\/easycurtain.ch\/wp-content\/uploads\/2023\/11\/tagesvorhang-lyna-weiss-stoffmuster.jpg 1200w\" sizes=\"auto, (max-width: 300px) 100vw, 300px\" \/><\/p>\n<p>Blanc (1)<\/p>\n<p><a class=\"ajax_add_to_cart_2 vb_button_1 konte-button button-normal text-dark align-inline medium button square superbutton_1\" href=\"?ajax_add_to_cart_2=2702&amp;product_name=Tagesvorhang%20LYNA%20(Leinenoptik)%20&amp;data-product_artno=LYNA1&amp;data-product_color=Weiss%20(1)&amp;data-product_quantity=1\" rel=\"nofollow\" data-product_id=\"2702\" data-product_name=\"Rideau de jour LYNA (aspect lin, color\u00e9)\" data-product_artno=\"LYNA1\" data-product_color=\"Blanc (1)\">Dans le panier d&#8217;achat<\/a>[\/vc_column_text][\/vc_column_inner][vc_column_inner width=&#8221;1\/5&#8243;][vc_column_text]<img loading=\"lazy\" decoding=\"async\" class=\"alignnone wp-image-99509 size-medium\" src=\"https:\/\/easycurtain.ch\/wp-content\/uploads\/2023\/11\/tagesvorhang-lyna-ecru-stoffmuster-300x300.jpg\" alt=\"\" width=\"300\" height=\"300\" srcset=\"https:\/\/easycurtain.ch\/wp-content\/uploads\/2023\/11\/tagesvorhang-lyna-ecru-stoffmuster-300x300.jpg 300w, https:\/\/easycurtain.ch\/wp-content\/uploads\/2023\/11\/tagesvorhang-lyna-ecru-stoffmuster-1024x1024.jpg 1024w, https:\/\/easycurtain.ch\/wp-content\/uploads\/2023\/11\/tagesvorhang-lyna-ecru-stoffmuster-150x150.jpg 150w, https:\/\/easycurtain.ch\/wp-content\/uploads\/2023\/11\/tagesvorhang-lyna-ecru-stoffmuster-768x768.jpg 768w, https:\/\/easycurtain.ch\/wp-content\/uploads\/2023\/11\/tagesvorhang-lyna-ecru-stoffmuster-680x680.jpg 680w, https:\/\/easycurtain.ch\/wp-content\/uploads\/2023\/11\/tagesvorhang-lyna-ecru-stoffmuster-840x840.jpg 840w, https:\/\/easycurtain.ch\/wp-content\/uploads\/2023\/11\/tagesvorhang-lyna-ecru-stoffmuster.jpg 1200w\" sizes=\"auto, (max-width: 300px) 100vw, 300px\" \/><\/p>\n<p>Ecru (2)<\/p>\n<p><a class=\"ajax_add_to_cart_2 vb_button_1 konte-button button-normal text-dark align-inline medium button square superbutton_1\" href=\"?ajax_add_to_cart_2=2702&amp;product_name=Tagesvorhang%20LYNA%20(Leinenoptik)&amp;data-product_artno=LYNA1&amp;data-product_color=Ecru%20(2)&amp;data-product_quantity=1\" rel=\"nofollow\" data-product_id=\"2702\" data-product_name=\"Rideau de jour LYNA (aspect lin, color\u00e9)\" data-product_artno=\"LYNA1\" data-product_color=\"Ecru (2)\">Dans le panier d&#8217;achat<\/a>[\/vc_column_text][\/vc_column_inner][vc_column_inner width=&#8221;1\/5&#8243;][vc_column_text]<img loading=\"lazy\" decoding=\"async\" class=\"alignnone wp-image-99506 size-medium\" src=\"https:\/\/easycurtain.ch\/wp-content\/uploads\/2023\/11\/tagesvorhang-lyna-braun-stoffmuster-300x300.jpg\" alt=\"\" width=\"300\" height=\"300\" srcset=\"https:\/\/easycurtain.ch\/wp-content\/uploads\/2023\/11\/tagesvorhang-lyna-braun-stoffmuster-300x300.jpg 300w, https:\/\/easycurtain.ch\/wp-content\/uploads\/2023\/11\/tagesvorhang-lyna-braun-stoffmuster-1024x1024.jpg 1024w, https:\/\/easycurtain.ch\/wp-content\/uploads\/2023\/11\/tagesvorhang-lyna-braun-stoffmuster-150x150.jpg 150w, https:\/\/easycurtain.ch\/wp-content\/uploads\/2023\/11\/tagesvorhang-lyna-braun-stoffmuster-768x768.jpg 768w, https:\/\/easycurtain.ch\/wp-content\/uploads\/2023\/11\/tagesvorhang-lyna-braun-stoffmuster-680x680.jpg 680w, https:\/\/easycurtain.ch\/wp-content\/uploads\/2023\/11\/tagesvorhang-lyna-braun-stoffmuster-840x840.jpg 840w, https:\/\/easycurtain.ch\/wp-content\/uploads\/2023\/11\/tagesvorhang-lyna-braun-stoffmuster.jpg 1200w\" sizes=\"auto, (max-width: 300px) 100vw, 300px\" \/><\/p>\n<p>Marron (40)<\/p>\n<p><a class=\"ajax_add_to_cart_2 vb_button_1 konte-button button-normal text-dark align-inline medium button square superbutton_1\" href=\"?ajax_add_to_cart_2=2702&amp;product_name=Tagesvorhang%20LYNA%20(Leinenoptik)&amp;data-product_artno=LYNA1&amp;data-product_color=Braun%20(40)&amp;data-product_quantity=1\" rel=\"nofollow\" data-product_id=\"2702\" data-product_name=\"Rideau de jour LYNA (aspect lin, color\u00e9)\" data-product_artno=\"LYNA1\" data-product_color=\"Marron (40)\">Dans le panier d&#8217;achat<\/a>[\/vc_column_text][\/vc_column_inner][vc_column_inner width=&#8221;1\/5&#8243;][vc_column_text]<img loading=\"lazy\" decoding=\"async\" class=\"alignnone wp-image-99508 size-medium\" src=\"https:\/\/easycurtain.ch\/wp-content\/uploads\/2023\/11\/tagesvorhang-lyna-dunkelbraun-stoffmuster-300x300.jpg\" alt=\"\" width=\"300\" height=\"300\" srcset=\"https:\/\/easycurtain.ch\/wp-content\/uploads\/2023\/11\/tagesvorhang-lyna-dunkelbraun-stoffmuster-300x300.jpg 300w, https:\/\/easycurtain.ch\/wp-content\/uploads\/2023\/11\/tagesvorhang-lyna-dunkelbraun-stoffmuster-1024x1024.jpg 1024w, https:\/\/easycurtain.ch\/wp-content\/uploads\/2023\/11\/tagesvorhang-lyna-dunkelbraun-stoffmuster-150x150.jpg 150w, https:\/\/easycurtain.ch\/wp-content\/uploads\/2023\/11\/tagesvorhang-lyna-dunkelbraun-stoffmuster-768x768.jpg 768w, https:\/\/easycurtain.ch\/wp-content\/uploads\/2023\/11\/tagesvorhang-lyna-dunkelbraun-stoffmuster-680x680.jpg 680w, https:\/\/easycurtain.ch\/wp-content\/uploads\/2023\/11\/tagesvorhang-lyna-dunkelbraun-stoffmuster-840x840.jpg 840w, https:\/\/easycurtain.ch\/wp-content\/uploads\/2023\/11\/tagesvorhang-lyna-dunkelbraun-stoffmuster.jpg 1200w\" sizes=\"auto, (max-width: 300px) 100vw, 300px\" \/><\/p>\n<p>Marron fonc\u00e9 (810)<\/p>\n<p><a class=\"ajax_add_to_cart_2 vb_button_1 konte-button button-normal text-dark align-inline medium button square superbutton_1\" href=\"?ajax_add_to_cart_2=2702&amp;product_name=Tagesvorhang%20LYNA%20(Leinenoptik)&amp;data-product_artno=LYNA1&amp;data-product_color=Dunkelbraun%20(810)&amp;data-product_quantity=1\" rel=\"nofollow\" data-product_id=\"2702\" data-product_name=\"Rideau de jour LYNA (aspect lin, color\u00e9)\" data-product_artno=\"LYNA1\" data-product_color=\"Marron fonc\u00e9 (810)\">Dans le panier d&#8217;achat<\/a>[\/vc_column_text][\/vc_column_inner][vc_column_inner width=&#8221;1\/5&#8243;][vc_column_text]<img loading=\"lazy\" decoding=\"async\" class=\"alignnone wp-image-99510 size-medium\" src=\"https:\/\/easycurtain.ch\/wp-content\/uploads\/2023\/11\/tagesvorhang-lyna-grau-stoffmuster-300x300.jpg\" alt=\"\" width=\"300\" height=\"300\" srcset=\"https:\/\/easycurtain.ch\/wp-content\/uploads\/2023\/11\/tagesvorhang-lyna-grau-stoffmuster-300x300.jpg 300w, https:\/\/easycurtain.ch\/wp-content\/uploads\/2023\/11\/tagesvorhang-lyna-grau-stoffmuster-1024x1024.jpg 1024w, https:\/\/easycurtain.ch\/wp-content\/uploads\/2023\/11\/tagesvorhang-lyna-grau-stoffmuster-150x150.jpg 150w, https:\/\/easycurtain.ch\/wp-content\/uploads\/2023\/11\/tagesvorhang-lyna-grau-stoffmuster-768x768.jpg 768w, https:\/\/easycurtain.ch\/wp-content\/uploads\/2023\/11\/tagesvorhang-lyna-grau-stoffmuster-680x680.jpg 680w, https:\/\/easycurtain.ch\/wp-content\/uploads\/2023\/11\/tagesvorhang-lyna-grau-stoffmuster-840x840.jpg 840w, https:\/\/easycurtain.ch\/wp-content\/uploads\/2023\/11\/tagesvorhang-lyna-grau-stoffmuster.jpg 1200w\" sizes=\"auto, (max-width: 300px) 100vw, 300px\" \/><\/p>\n<p>Gris (840)<\/p>\n<p><a class=\"ajax_add_to_cart_2 vb_button_1 konte-button button-normal text-dark align-inline medium button square superbutton_1\" href=\"?ajax_add_to_cart_2=2702&amp;product_namee=Tagesvorhang%20LYNA%20(Leinenoptik)&amp;data-product_artno=LYNA1&amp;data-product_color=Grau%20(840)&amp;data-product_quantity=1\" rel=\"nofollow\" data-product_id=\"2702\" data-product_name=\"Rideau de jour LYNA (aspect lin, color\u00e9)\" data-product_artno=\"LYNA1\" data-product_color=\"Gris (840)\">Dans le panier d&#8217;achat<\/a>[\/vc_column_text][\/vc_column_inner][\/vc_row_inner][\/vc_tta_section][vc_tta_section title=&#8221;Tissu pour rideaux&#8221; tab_id=&#8221;vorhangstoff&#8221;][vc_row_inner][vc_column_inner width=&#8221;1\/2&#8243;][vc_column_text]Le rideau de jour LYNA s&#8217;adapte parfaitement \u00e0 ton int\u00e9rieur gr\u00e2ce \u00e0 ses cinq couleurs terreuses et sobres. Il est finement tiss\u00e9 et poss\u00e8de une structure de lin subtile qui cr\u00e9e son aspect unique. Le tissu \u00e0 rideaux satin\u00e9 LYNA apporte une atmosph\u00e8re chaleureuse \u00e0 tes pi\u00e8ces.<\/p>\n<p>Pendant la journ\u00e9e, le rideau de jour LYNA prot\u00e8ge des regards ext\u00e9rieurs ind\u00e9sirables. Mais tu peux quand m\u00eame regarder dehors et avoir beaucoup de lumi\u00e8re dans la pi\u00e8ce.<\/p>\n<p>L&#8217;un des grands avantages de LYNA est qu&#8217;il a l&#8217;aspect naturel du lin tout en ayant les avantages d&#8217;un tissu en polyester. Il est tr\u00e8s facile \u00e0 entretenir et ne r\u00e9tr\u00e9cit pas au lavage.<\/p>\n<p>En bas du rideau, une bande de plomb de haute qualit\u00e9 est int\u00e9gr\u00e9e sur toute la largeur et un poids alourdissant est int\u00e9gr\u00e9 dans les coins. Les deux assurent de belles vagues de rideaux et un tomb\u00e9 optimal du rideau.[\/vc_column_text][\/vc_column_inner][vc_column_inner width=&#8221;1\/2&#8243;][vc_column_text]Dans tous les cas, il est judicieux de commander un <a href=\"#samples\">\u00e9chantillon gratuit<\/a> du tissu souhait\u00e9 afin de te convaincre de la couleur, de la qualit\u00e9 et de la texture du tissu.<\/p>\n<p>Le tissu pour rideaux LYNA peut parfaitement \u00eatre utilis\u00e9 comme protection contre les regards indiscrets. Combin\u00e9 \u00e0 un <a href=\"https:\/\/easycurtain.ch\/fr-ch\/k\/rideaux-opaques\/\">rideau opaque<\/a>, ton intimit\u00e9 est garantie 24 heures sur 24. Avec un <a href=\"https:\/\/easycurtain.ch\/fr-ch\/k\/rideaux-occultants\/\">rideau occultant<\/a>, en plus de te prot\u00e9ger des regards, tu as la possibilit\u00e9 d&#8217;utiliser tes rideaux comme protection contre la lumi\u00e8re ou le soleil.<\/p>\n<p>La hauteur maximale de suspension est de 294cm.[\/vc_column_text][\/vc_column_inner][\/vc_row_inner][\/vc_tta_section][vc_tta_section title=&#8221;Types de couture&#8221; tab_id=&#8221;naeharten&#8221;][vc_column_text][vc_row][vc_column][vc_column_text]<strong>Sur easyCurtain, tu peux choisir parmi les types de couture les plus populaires en Suisse.\n<\/strong>Chaque type de couture a ses propres avantages.\n\nRemarque : le tissu illustr\u00e9 ci-dessous provient du <a title=\"Rideau de jour YAVA\" href=\"https:\/\/easycurtain.ch\/fr-ch\/onlineshop\/rideau-de-jour-yava-voile-premium-blanc\/\">rideau de jour YAVA<\/a>.[\/vc_column_text][vc_empty_space height=\"30px\"][\/vc_column][\/vc_row][vc_row equal_height=\"yes\" content_placement=\"middle\"][vc_column width=\"1\/2\"][vc_column_text]\r\n<h3>Type de couture \"\u00e0 plat\" :\nSimple et bon march\u00e9<\/h3>\n<strong>Tu aimes les choses r\u00e9duites.<\/strong>\n<ul>\n \t<li>Nous cousons environ tous les 10cm un curseur de rideau.<\/li>\n \t<li>Pour chaque m\u00e8tre de rideau, nous cousons environ 1,2 m\u00e8tre de tissu (nous le faisons automatiquement, tu n'as donc pas besoin de calculer)<\/li>\n \t<li>\"A plat\" est la mani\u00e8re la plus \u00e9conomique de faire coudre ton rideau.<\/li>\n<\/ul>\r\n[\/vc_column_text][vc_column_text]\r\n\r\n<div class=\"wp-playlist wp-video-playlist wp-playlist-light\">\n\t\t<video controls=\"controls\" preload=\"none\" width=\"1378\"\n\t\t height=\"775\"\t><\/video>\n\t<div class=\"wp-playlist-next\"><\/div>\n\t<div class=\"wp-playlist-prev\"><\/div>\n\t<noscript>\n\t<ol>\n\t\t<li><a href='https:\/\/easycurtain.ch\/wp-content\/uploads\/2023\/12\/naehart-flach-easycurtain-v1-0-1.mov'>Type de couture lisse<\/a><\/li>\t<\/ol>\n\t<\/noscript>\n\t<script type=\"application\/json\" class=\"wp-playlist-script\">{\"type\":\"video\",\"tracklist\":false,\"tracknumbers\":true,\"images\":true,\"artists\":true,\"tracks\":[{\"src\":\"https:\/\/easycurtain.ch\/wp-content\/uploads\/2023\/12\/naehart-flach-easycurtain-v1-0-1.mov\",\"type\":\"video\/quicktime\",\"title\":\"Type de couture lisse\",\"caption\":\"Type de couture lisse\",\"description\":\"N\\u00e4hart Flach\",\"meta\":{\"length_formatted\":\"0:16\"},\"dimensions\":{\"original\":{\"width\":640,\"height\":360},\"resized\":{\"width\":1378,\"height\":775}},\"image\":{\"src\":\"https:\/\/easycurtain.ch\/wp-content\/uploads\/2023\/12\/naehart-flach-easycurtain-v1-0-mov-image.jpg\",\"width\":640,\"height\":360},\"thumb\":{\"src\":\"https:\/\/easycurtain.ch\/wp-content\/uploads\/2023\/12\/naehart-flach-easycurtain-v1-0-mov-image-150x150.jpg\",\"width\":150,\"height\":150}}]}<\/script>\n<\/div>\n\t\r\n\r\n[\/vc_column_text][vc_empty_space height=\"30px\"][\/vc_column][vc_column width=\"1\/2\"][vc_gallery type=\"flexslider_slide\" interval=\"0\" images=\"100205,100201,100197,100199,100203,100207,100209,100211\" img_size=\"medium\" onclick=\"\"][\/vc_column][\/vc_row][vc_row equal_height=\"yes\" content_placement=\"middle\"][vc_column width=\"1\/2\"][vc_gallery type=\"flexslider_slide\" interval=\"0\" images=\"100231,100241,100221,100223,100225,100227,100229,100233,100235,100237,100239,100243\" img_size=\"large\" onclick=\"\"][\/vc_column][vc_column width=\"1\/2\"][vc_column_text]\r\n<h3>Type de couture \"Classique simple\" : simple Classique<\/h3>\n<strong>Le classique suisse par excellence.<\/strong>\n<ul>\n \t<li>Nous cousons environ tous les 10cm un pli de rideau et y fixer un curseur de rideau.<\/li>\n \t<li>Pour chaque m\u00e8tre de rideau, nous cousons environ 1,5 m\u00e8tre de tissu (nous le faisons automatiquement, tu n'as donc pas besoin de calculer)<\/li>\n \t<li>\"Classique simple\" est le compromis parfait entre beaucoup de tissu et un prix bas.<\/li>\n<\/ul>\r\n[\/vc_column_text][vc_column_text]\r\n\r\n<div class=\"wp-playlist wp-video-playlist wp-playlist-light\">\n\t\t<video controls=\"controls\" preload=\"none\" width=\"1378\"\n\t\t height=\"775\"\t><\/video>\n\t<div class=\"wp-playlist-next\"><\/div>\n\t<div class=\"wp-playlist-prev\"><\/div>\n\t<noscript>\n\t<ol>\n\t\t<li><a href='https:\/\/easycurtain.ch\/wp-content\/uploads\/2023\/12\/naehart-klassisch-einfach-easycurtain-v1-0.mov'>Type de couture classique simple<\/a><\/li>\t<\/ol>\n\t<\/noscript>\n\t<script type=\"application\/json\" class=\"wp-playlist-script\">{\"type\":\"video\",\"tracklist\":false,\"tracknumbers\":true,\"images\":true,\"artists\":true,\"tracks\":[{\"src\":\"https:\/\/easycurtain.ch\/wp-content\/uploads\/2023\/12\/naehart-klassisch-einfach-easycurtain-v1-0.mov\",\"type\":\"video\/quicktime\",\"title\":\"Type de couture classique simple\",\"caption\":\"Type de couture classique simple\",\"description\":\"Type de couture classique simple\",\"meta\":{\"length_formatted\":\"0:23\"},\"dimensions\":{\"original\":{\"width\":640,\"height\":360},\"resized\":{\"width\":1378,\"height\":775}},\"image\":{\"src\":\"https:\/\/easycurtain.ch\/wp-content\/uploads\/2023\/12\/naehart-klassisch-einfach-video-titelbild-1.jpg\",\"width\":1800,\"height\":1013},\"thumb\":{\"src\":\"https:\/\/easycurtain.ch\/wp-content\/uploads\/2023\/12\/naehart-klassisch-einfach-video-titelbild-1-150x150.jpg\",\"width\":150,\"height\":150}}]}<\/script>\n<\/div>\n\t\r\n\r\n[\/vc_column_text][vc_empty_space height=\"30px\"][\/vc_column][\/vc_row][vc_row equal_height=\"yes\" content_placement=\"middle\"][vc_column width=\"1\/2\"][vc_column_text]\r\n<h3>Type de couture \"classique double\" : avec une quantit\u00e9 de tissu suppl\u00e9mentaire<\/h3>\n<strong>Tu aimes les choses opulentes.<\/strong>\n<ul>\n \t<li>Nous cousons environ tous les 10cm un double pli de rideau et y fixer un curseur de rideau.<\/li>\n \t<li>Pour chaque m\u00e8tre de rideau, nous cousons environ 2 m\u00e8tres de tissu (nous le faisons automatiquement, tu n'as donc pas besoin de calculer)<\/li>\n \t<li>\"Classique double\" forme les plus belles vagues et vaut donc d\u00e9finitivement le prix suppl\u00e9mentaire.<\/li>\n<\/ul>\r\n[\/vc_column_text][vc_column_text]\r\n\r\n<div class=\"wp-playlist wp-video-playlist wp-playlist-light\">\n\t\t<video controls=\"controls\" preload=\"none\" width=\"1378\"\n\t\t height=\"775\"\t><\/video>\n\t<div class=\"wp-playlist-next\"><\/div>\n\t<div class=\"wp-playlist-prev\"><\/div>\n\t<noscript>\n\t<ol>\n\t\t<li><a href='https:\/\/easycurtain.ch\/wp-content\/uploads\/2023\/12\/naehart-klassisch-doppelt-easycurtain-v1-2.mov'>Type de couture classique double<\/a><\/li>\t<\/ol>\n\t<\/noscript>\n\t<script type=\"application\/json\" class=\"wp-playlist-script\">{\"type\":\"video\",\"tracklist\":false,\"tracknumbers\":true,\"images\":true,\"artists\":true,\"tracks\":[{\"src\":\"https:\/\/easycurtain.ch\/wp-content\/uploads\/2023\/12\/naehart-klassisch-doppelt-easycurtain-v1-2.mov\",\"type\":\"video\/quicktime\",\"title\":\"Type de couture classique double\",\"caption\":\"Type de couture classique double\",\"description\":\"N\\u00e4hart Klassisch doppelt\",\"meta\":{\"length_formatted\":\"0:27\"},\"dimensions\":{\"original\":{\"width\":640,\"height\":360},\"resized\":{\"width\":1378,\"height\":775}},\"image\":{\"src\":\"https:\/\/easycurtain.ch\/wp-content\/uploads\/2023\/12\/naehart-klassisch-doppelt-video-titelbild-1.jpg\",\"width\":1800,\"height\":1013},\"thumb\":{\"src\":\"https:\/\/easycurtain.ch\/wp-content\/uploads\/2023\/12\/naehart-klassisch-doppelt-video-titelbild-1-150x150.jpg\",\"width\":150,\"height\":150}}]}<\/script>\n<\/div>\n\t\r\n\r\n[\/vc_column_text][vc_empty_space height=\"30px\"][\/vc_column][vc_column width=\"1\/2\"][vc_gallery type=\"flexslider_slide\" interval=\"0\" images=\"100265,100261,100253,100255,100257,100259,100263,100267,100269\" img_size=\"large\" onclick=\"\"][\/vc_column][\/vc_row][\/vc_column_text][\/vc_tta_section][vc_tta_section title=&#8221;Glisseurs de rideaux&#8221; tab_id=&#8221;vorhanggleiter&#8221;][vc_column_text][vc_row][vc_column][vc_column_text]<strong>D\u00e9termine facilement les bons glisseurs de rideaux\n<\/strong>En Suisse, 99,9% des glisseurs utilis\u00e9s, sont glisseurs MAXI.[\/vc_column_text][vc_empty_space height=\"30px\"][\/vc_column][\/vc_row][vc_row][vc_column width=\"1\/2\"][vc_column_text]<img loading=\"lazy\" decoding=\"async\" class=\"size-large wp-image-3523\" src=\"https:\/\/easycurtain.ch\/wp-content\/uploads\/2023\/10\/gleiter-maxi-2-quer-easycurtain-1024x511.png\" alt=\"Glisseur MAXI\" width=\"1024\" height=\"511\" srcset=\"https:\/\/easycurtain.ch\/wp-content\/uploads\/2023\/10\/gleiter-maxi-2-quer-easycurtain-1024x511.png 1024w, https:\/\/easycurtain.ch\/wp-content\/uploads\/2023\/10\/gleiter-maxi-2-quer-easycurtain-300x150.png 300w, https:\/\/easycurtain.ch\/wp-content\/uploads\/2023\/10\/gleiter-maxi-2-quer-easycurtain-768x383.png 768w, https:\/\/easycurtain.ch\/wp-content\/uploads\/2023\/10\/gleiter-maxi-2-quer-easycurtain-1536x766.png 1536w, https:\/\/easycurtain.ch\/wp-content\/uploads\/2023\/10\/gleiter-maxi-2-quer-easycurtain-840x419.png 840w, https:\/\/easycurtain.ch\/wp-content\/uploads\/2023\/10\/gleiter-maxi-2-quer-easycurtain.png 2004w\" sizes=\"auto, (max-width: 1024px) 100vw, 1024px\" \/>[\/vc_column_text][vc_column_text]\r\n<h3>Glisseur MAXI<\/h3>\nTu as besoin de glisseurs MAXI si la fente dans le rail du rideau est d'environ 6,2 \u00e0 6,6 mm de diam\u00e8tre. Cela correspond \u00e0 environ La largeur de quatre pi\u00e8ces de 1 franc empil\u00e9es.[\/vc_column_text][\/vc_column][vc_column width=\"1\/2\"][vc_column_text]<img loading=\"lazy\" decoding=\"async\" class=\"alignnone wp-image-3513 size-large\" src=\"https:\/\/easycurtain.ch\/wp-content\/uploads\/2023\/10\/gleiter-mini-1-quer-easycurtain-1024x511.png\" alt=\"Glisseur MINI\" width=\"1024\" height=\"511\" srcset=\"https:\/\/easycurtain.ch\/wp-content\/uploads\/2023\/10\/gleiter-mini-1-quer-easycurtain-1024x511.png 1024w, https:\/\/easycurtain.ch\/wp-content\/uploads\/2023\/10\/gleiter-mini-1-quer-easycurtain-300x150.png 300w, https:\/\/easycurtain.ch\/wp-content\/uploads\/2023\/10\/gleiter-mini-1-quer-easycurtain-768x383.png 768w, https:\/\/easycurtain.ch\/wp-content\/uploads\/2023\/10\/gleiter-mini-1-quer-easycurtain-1536x766.png 1536w, https:\/\/easycurtain.ch\/wp-content\/uploads\/2023\/10\/gleiter-mini-1-quer-easycurtain-840x419.png 840w, https:\/\/easycurtain.ch\/wp-content\/uploads\/2023\/10\/gleiter-mini-1-quer-easycurtain.png 2004w\" sizes=\"auto, (max-width: 1024px) 100vw, 1024px\" \/>[\/vc_column_text][vc_column_text]\r\n<h3>Glisseur MINI<\/h3>\nTu as besoin de glisseurs MINI si la fente dans le rail du rideau est d'environ 3,6 \u00e0 4 mm de diam\u00e8tre. Cela correspond \u00e0 environ de la largeur si tu poses une pi\u00e8ce de 1 franc et une de 2 francs l'une sur l'autre.[\/vc_column_text][\/vc_column][\/vc_row][\/vc_column_text][\/vc_tta_section][vc_tta_section title=&#8221;Guide de mesure&#8221; tab_id=&#8221;messanleitung&#8221;][vc_column_text][vc_row][vc_column][vc_column_text]<strong>D\u00e9terminer la hauteur et la largeur du rideau est tr\u00e8s simple.<\/strong>[\/vc_column_text]<a href=\"\/guide-de-mesure\/\" title=\"Vers le guide de mesure\" target=\"_blank\" class=\"konte-button button-normal text-dark align-inline large   button square\">Vers le guide de mesure<\/a>[\/vc_column][\/vc_row][\/vc_column_text][\/vc_tta_section][\/vc_tta_accordion][\/vc_column][\/vc_row]<\/p>\n<\/div>","protected":false},"excerpt":{"rendered":"<p>Le rideau de jour LYNA s&#8217;adapte parfaitement \u00e0 ton int\u00e9rieur gr\u00e2ce \u00e0 ses cinq couleurs terreuses et sobres. Il est finement tiss\u00e9 et poss\u00e8de une structure de lin subtile qui cr\u00e9e son aspect unique. Le tissu \u00e0 rideaux satin\u00e9 LYNA apporte une atmosph\u00e8re chaleureuse \u00e0 tes pi\u00e8ces.<\/p>\n<p><a title=\"Commander des \u00e9chantillons de tissu gratuits de ce rideau\" href=\"#samples\">Commander des \u00e9chantillons de tissus gratuits<\/a><\/p>\n","protected":false},"featured_media":100571,"template":"","meta":{"_acf_changed":false},"product_brand":[],"product_cat":[478,477],"product_tag":[480,513],"class_list":{"0":"post-101441","1":"product","2":"type-product","3":"status-publish","4":"has-post-thumbnail","6":"product_cat-rideaux","7":"product_cat-rideaux-transparents","8":"product_tag-rideaux-de-jour","9":"product_tag-rideaux-en-lin","10":"pa_glanz-legere-brillance","11":"pa_sichtschutz-bei-nacht-non","12":"pa_sichtschutz-bei-tag-facile","13":"pa_struktur-aspect-toile-de-lin","14":"pa_verdunkelung-peu","16":"first","17":"instock","18":"taxable","19":"shipping-taxable","20":"purchasable","21":"product-type-simple"},"acf":[],"yoast_head":"<!-- This site is optimized with the Yoast SEO plugin v27.1.1 - https:\/\/yoast.com\/product\/yoast-seo-wordpress\/ -->\n<title>Rideau de jour LYNA (aspect lin, color\u00e9) - easyCurtain<\/title>\n<meta name=\"description\" content=\"Le rideau de jour LYNA s&#039;adapte parfaitement \u00e0 ton int\u00e9rieur gr\u00e2ce \u00e0 ses cinq couleurs terreuses et sobres. Il a une texture subtile de lin.\" \/>\n<meta name=\"robots\" content=\"index, follow, max-snippet:-1, max-image-preview:large, max-video-preview:-1\" \/>\n<link rel=\"canonical\" href=\"https:\/\/easycurtain.ch\/fr-ch\/onlineshop\/rideau-de-jour-lyna-aspect-lin-colore\/\" \/>\n<meta property=\"og:locale\" content=\"fr_FR\" \/>\n<meta property=\"og:type\" content=\"article\" \/>\n<meta property=\"og:title\" content=\"Rideau de jour LYNA (aspect lin, color\u00e9) - easyCurtain\" \/>\n<meta property=\"og:description\" content=\"Le rideau de jour LYNA s&#039;adapte parfaitement \u00e0 ton int\u00e9rieur gr\u00e2ce \u00e0 ses cinq couleurs terreuses et sobres. Il a une texture subtile de lin.\" \/>\n<meta property=\"og:url\" content=\"https:\/\/easycurtain.ch\/fr-ch\/onlineshop\/rideau-de-jour-lyna-aspect-lin-colore\/\" \/>\n<meta property=\"og:site_name\" content=\"easyCurtain\" \/>\n<meta property=\"article:modified_time\" content=\"2026-03-10T12:23:53+00:00\" \/>\n<meta property=\"og:image\" content=\"https:\/\/easycurtain.ch\/wp-content\/uploads\/2023\/11\/tagesvorhang-lyna-titelbild-2-1.jpg\" \/>\n\t<meta property=\"og:image:width\" content=\"1200\" \/>\n\t<meta property=\"og:image:height\" content=\"1200\" \/>\n\t<meta property=\"og:image:type\" content=\"image\/jpeg\" \/>\n<meta name=\"twitter:card\" content=\"summary_large_image\" \/>\n<meta name=\"twitter:label1\" content=\"Est. reading time\" \/>\n\t<meta name=\"twitter:data1\" content=\"3 minutes\" \/>\n<script type=\"application\/ld+json\" class=\"yoast-schema-graph\">{\"@context\":\"https:\/\/schema.org\",\"@graph\":[{\"@type\":\"WebPage\",\"@id\":\"https:\/\/easycurtain.ch\/fr-ch\/onlineshop\/rideau-de-jour-lyna-aspect-lin-colore\/\",\"url\":\"https:\/\/easycurtain.ch\/fr-ch\/onlineshop\/rideau-de-jour-lyna-aspect-lin-colore\/\",\"name\":\"Rideau de jour LYNA (aspect lin, color\u00e9) - easyCurtain\",\"isPartOf\":{\"@id\":\"https:\/\/easycurtain.ch\/fr-ch\/#website\"},\"primaryImageOfPage\":{\"@id\":\"https:\/\/easycurtain.ch\/fr-ch\/onlineshop\/rideau-de-jour-lyna-aspect-lin-colore\/#primaryimage\"},\"image\":{\"@id\":\"https:\/\/easycurtain.ch\/fr-ch\/onlineshop\/rideau-de-jour-lyna-aspect-lin-colore\/#primaryimage\"},\"thumbnailUrl\":\"https:\/\/easycurtain.ch\/wp-content\/uploads\/2023\/11\/tagesvorhang-lyna-titelbild-2-1.jpg\",\"datePublished\":\"2018-09-13T07:19:17+00:00\",\"dateModified\":\"2026-03-10T12:23:53+00:00\",\"description\":\"Le rideau de jour LYNA s'adapte parfaitement \u00e0 ton int\u00e9rieur gr\u00e2ce \u00e0 ses cinq couleurs terreuses et sobres. Il a une texture subtile de lin.\",\"breadcrumb\":{\"@id\":\"https:\/\/easycurtain.ch\/fr-ch\/onlineshop\/rideau-de-jour-lyna-aspect-lin-colore\/#breadcrumb\"},\"inLanguage\":\"fr-CH\",\"potentialAction\":[{\"@type\":\"ReadAction\",\"target\":[\"https:\/\/easycurtain.ch\/fr-ch\/onlineshop\/rideau-de-jour-lyna-aspect-lin-colore\/\"]}]},{\"@type\":\"ImageObject\",\"inLanguage\":\"fr-CH\",\"@id\":\"https:\/\/easycurtain.ch\/fr-ch\/onlineshop\/rideau-de-jour-lyna-aspect-lin-colore\/#primaryimage\",\"url\":\"https:\/\/easycurtain.ch\/wp-content\/uploads\/2023\/11\/tagesvorhang-lyna-titelbild-2-1.jpg\",\"contentUrl\":\"https:\/\/easycurtain.ch\/wp-content\/uploads\/2023\/11\/tagesvorhang-lyna-titelbild-2-1.jpg\",\"width\":1200,\"height\":1200,\"caption\":\"Tagesvorhang LYNA - Titelbild\"},{\"@type\":\"BreadcrumbList\",\"@id\":\"https:\/\/easycurtain.ch\/fr-ch\/onlineshop\/rideau-de-jour-lyna-aspect-lin-colore\/#breadcrumb\",\"itemListElement\":[{\"@type\":\"ListItem\",\"position\":1,\"name\":\"Home\",\"item\":\"https:\/\/easycurtain.ch\/fr-ch\/?page_id=101168\"},{\"@type\":\"ListItem\",\"position\":2,\"name\":\"Rideaux &amp; accessoires\",\"item\":\"https:\/\/easycurtain.ch\/fr-ch\/shop-2\/\"},{\"@type\":\"ListItem\",\"position\":3,\"name\":\"Rideau de jour LYNA (aspect lin, color\u00e9)\"}]},{\"@type\":\"WebSite\",\"@id\":\"https:\/\/easycurtain.ch\/fr-ch\/#website\",\"url\":\"https:\/\/easycurtain.ch\/fr-ch\/\",\"name\":\"easyCurtain\",\"description\":\"Superbes rideaux. Petits prix.\",\"publisher\":{\"@id\":\"https:\/\/easycurtain.ch\/fr-ch\/#organization\"},\"potentialAction\":[{\"@type\":\"SearchAction\",\"target\":{\"@type\":\"EntryPoint\",\"urlTemplate\":\"https:\/\/easycurtain.ch\/fr-ch\/?s={search_term_string}\"},\"query-input\":{\"@type\":\"PropertyValueSpecification\",\"valueRequired\":true,\"valueName\":\"search_term_string\"}}],\"inLanguage\":\"fr-CH\"},{\"@type\":\"Organization\",\"@id\":\"https:\/\/easycurtain.ch\/fr-ch\/#organization\",\"name\":\"easyCurtain\",\"url\":\"https:\/\/easycurtain.ch\/fr-ch\/\",\"logo\":{\"@type\":\"ImageObject\",\"inLanguage\":\"fr-CH\",\"@id\":\"https:\/\/easycurtain.ch\/fr-ch\/#\/schema\/logo\/image\/\",\"url\":\"https:\/\/easycurtain.ch\/wp-content\/uploads\/2023\/09\/logo-easycurtain-massvorhang-online-1.png\",\"contentUrl\":\"https:\/\/easycurtain.ch\/wp-content\/uploads\/2023\/09\/logo-easycurtain-massvorhang-online-1.png\",\"width\":600,\"height\":138,\"caption\":\"easyCurtain\"},\"image\":{\"@id\":\"https:\/\/easycurtain.ch\/fr-ch\/#\/schema\/logo\/image\/\"}}]}<\/script>\n<!-- \/ Yoast SEO plugin. -->","yoast_head_json":{"title":"Rideau de jour LYNA (aspect lin, color\u00e9) - easyCurtain","description":"Le rideau de jour LYNA s'adapte parfaitement \u00e0 ton int\u00e9rieur gr\u00e2ce \u00e0 ses cinq couleurs terreuses et sobres. Il a une texture subtile de lin.","robots":{"index":"index","follow":"follow","max-snippet":"max-snippet:-1","max-image-preview":"max-image-preview:large","max-video-preview":"max-video-preview:-1"},"canonical":"https:\/\/easycurtain.ch\/fr-ch\/onlineshop\/rideau-de-jour-lyna-aspect-lin-colore\/","og_locale":"fr_FR","og_type":"article","og_title":"Rideau de jour LYNA (aspect lin, color\u00e9) - easyCurtain","og_description":"Le rideau de jour LYNA s'adapte parfaitement \u00e0 ton int\u00e9rieur gr\u00e2ce \u00e0 ses cinq couleurs terreuses et sobres. Il a une texture subtile de lin.","og_url":"https:\/\/easycurtain.ch\/fr-ch\/onlineshop\/rideau-de-jour-lyna-aspect-lin-colore\/","og_site_name":"easyCurtain","article_modified_time":"2026-03-10T12:23:53+00:00","og_image":[{"width":1200,"height":1200,"url":"https:\/\/easycurtain.ch\/wp-content\/uploads\/2023\/11\/tagesvorhang-lyna-titelbild-2-1.jpg","type":"image\/jpeg"}],"twitter_card":"summary_large_image","twitter_misc":{"Est. reading time":"3 minutes"},"schema":{"@context":"https:\/\/schema.org","@graph":[{"@type":"WebPage","@id":"https:\/\/easycurtain.ch\/fr-ch\/onlineshop\/rideau-de-jour-lyna-aspect-lin-colore\/","url":"https:\/\/easycurtain.ch\/fr-ch\/onlineshop\/rideau-de-jour-lyna-aspect-lin-colore\/","name":"Rideau de jour LYNA (aspect lin, color\u00e9) - easyCurtain","isPartOf":{"@id":"https:\/\/easycurtain.ch\/fr-ch\/#website"},"primaryImageOfPage":{"@id":"https:\/\/easycurtain.ch\/fr-ch\/onlineshop\/rideau-de-jour-lyna-aspect-lin-colore\/#primaryimage"},"image":{"@id":"https:\/\/easycurtain.ch\/fr-ch\/onlineshop\/rideau-de-jour-lyna-aspect-lin-colore\/#primaryimage"},"thumbnailUrl":"https:\/\/easycurtain.ch\/wp-content\/uploads\/2023\/11\/tagesvorhang-lyna-titelbild-2-1.jpg","datePublished":"2018-09-13T07:19:17+00:00","dateModified":"2026-03-10T12:23:53+00:00","description":"Le rideau de jour LYNA s'adapte parfaitement \u00e0 ton int\u00e9rieur gr\u00e2ce \u00e0 ses cinq couleurs terreuses et sobres. Il a une texture subtile de lin.","breadcrumb":{"@id":"https:\/\/easycurtain.ch\/fr-ch\/onlineshop\/rideau-de-jour-lyna-aspect-lin-colore\/#breadcrumb"},"inLanguage":"fr-CH","potentialAction":[{"@type":"ReadAction","target":["https:\/\/easycurtain.ch\/fr-ch\/onlineshop\/rideau-de-jour-lyna-aspect-lin-colore\/"]}]},{"@type":"ImageObject","inLanguage":"fr-CH","@id":"https:\/\/easycurtain.ch\/fr-ch\/onlineshop\/rideau-de-jour-lyna-aspect-lin-colore\/#primaryimage","url":"https:\/\/easycurtain.ch\/wp-content\/uploads\/2023\/11\/tagesvorhang-lyna-titelbild-2-1.jpg","contentUrl":"https:\/\/easycurtain.ch\/wp-content\/uploads\/2023\/11\/tagesvorhang-lyna-titelbild-2-1.jpg","width":1200,"height":1200,"caption":"Tagesvorhang LYNA - Titelbild"},{"@type":"BreadcrumbList","@id":"https:\/\/easycurtain.ch\/fr-ch\/onlineshop\/rideau-de-jour-lyna-aspect-lin-colore\/#breadcrumb","itemListElement":[{"@type":"ListItem","position":1,"name":"Home","item":"https:\/\/easycurtain.ch\/fr-ch\/?page_id=101168"},{"@type":"ListItem","position":2,"name":"Rideaux &amp; accessoires","item":"https:\/\/easycurtain.ch\/fr-ch\/shop-2\/"},{"@type":"ListItem","position":3,"name":"Rideau de jour LYNA (aspect lin, color\u00e9)"}]},{"@type":"WebSite","@id":"https:\/\/easycurtain.ch\/fr-ch\/#website","url":"https:\/\/easycurtain.ch\/fr-ch\/","name":"easyCurtain","description":"Superbes rideaux. Petits prix.","publisher":{"@id":"https:\/\/easycurtain.ch\/fr-ch\/#organization"},"potentialAction":[{"@type":"SearchAction","target":{"@type":"EntryPoint","urlTemplate":"https:\/\/easycurtain.ch\/fr-ch\/?s={search_term_string}"},"query-input":{"@type":"PropertyValueSpecification","valueRequired":true,"valueName":"search_term_string"}}],"inLanguage":"fr-CH"},{"@type":"Organization","@id":"https:\/\/easycurtain.ch\/fr-ch\/#organization","name":"easyCurtain","url":"https:\/\/easycurtain.ch\/fr-ch\/","logo":{"@type":"ImageObject","inLanguage":"fr-CH","@id":"https:\/\/easycurtain.ch\/fr-ch\/#\/schema\/logo\/image\/","url":"https:\/\/easycurtain.ch\/wp-content\/uploads\/2023\/09\/logo-easycurtain-massvorhang-online-1.png","contentUrl":"https:\/\/easycurtain.ch\/wp-content\/uploads\/2023\/09\/logo-easycurtain-massvorhang-online-1.png","width":600,"height":138,"caption":"easyCurtain"},"image":{"@id":"https:\/\/easycurtain.ch\/fr-ch\/#\/schema\/logo\/image\/"}}]}},"_links":{"self":[{"href":"https:\/\/easycurtain.ch\/fr-ch\/wp-json\/wp\/v2\/product\/101441","targetHints":{"allow":["GET"]}}],"collection":[{"href":"https:\/\/easycurtain.ch\/fr-ch\/wp-json\/wp\/v2\/product"}],"about":[{"href":"https:\/\/easycurtain.ch\/fr-ch\/wp-json\/wp\/v2\/types\/product"}],"wp:featuredmedia":[{"embeddable":true,"href":"https:\/\/easycurtain.ch\/fr-ch\/wp-json\/wp\/v2\/media\/100571"}],"wp:attachment":[{"href":"https:\/\/easycurtain.ch\/fr-ch\/wp-json\/wp\/v2\/media?parent=101441"}],"wp:term":[{"taxonomy":"product_brand","embeddable":true,"href":"https:\/\/easycurtain.ch\/fr-ch\/wp-json\/wp\/v2\/product_brand?post=101441"},{"taxonomy":"product_cat","embeddable":true,"href":"https:\/\/easycurtain.ch\/fr-ch\/wp-json\/wp\/v2\/product_cat?post=101441"},{"taxonomy":"product_tag","embeddable":true,"href":"https:\/\/easycurtain.ch\/fr-ch\/wp-json\/wp\/v2\/product_tag?post=101441"}],"curies":[{"name":"wp","href":"https:\/\/api.w.org\/{rel}","templated":true}]}}