{"id":101158,"date":"2023-09-19T06:35:43","date_gmt":"2023-09-19T06:35:43","guid":{"rendered":"https:\/\/easycurtain.ch\/declaration-de-protection-des-donnees\/"},"modified":"2024-03-04T12:30:20","modified_gmt":"2024-03-04T12:30:20","slug":"declaration-de-protection-des-donnees","status":"publish","type":"page","link":"https:\/\/easycurtain.ch\/fr-ch\/declaration-de-protection-des-donnees\/","title":{"rendered":"D\u00e9claration de protection des donn\u00e9es"},"content":{"rendered":"<div class=\"wpb-content-wrapper\"><p>[vc_row css=&#8221;.vc_custom_1697446529585{padding-top: 40px !important;}&#8221;][vc_column width=&#8221;1\/6&#8243;]<span class=\"konte-dash text-default   \"><span class=\"konte-dash__line\"><\/span><\/span>[\/vc_column][vc_column width=&#8221;5\/6&#8243;][vc_column_text]<\/p>\n<p>Dans cette d\u00e9claration de protection des donn\u00e9es, nous, isenzio AG (ci-apr\u00e8s &#8220;isenzio&#8221;, nous ou nous), d\u00e9crivons comment nous collectons et traitons les donn\u00e9es personnelles. Cette d\u00e9claration de protection des donn\u00e9es n&#8217;est pas une description exhaustive ; le cas \u00e9ch\u00e9ant, d&#8217;autres d\u00e9clarations relatives \u00e0 la protection des donn\u00e9es r\u00e8glent des situations sp\u00e9cifiques. Aux fins de la pr\u00e9sente d\u00e9claration de confidentialit\u00e9, on entend par donn\u00e9es personnelles toutes les informations qui se rapportent \u00e0 une personne identifi\u00e9e ou identifiable.<\/p>\n<p>[\/vc_column_text][vc_toggle title=&#8221;1. responsable et contact&#8221; style=&#8221;simple&#8221;]Le responsable des traitements de donn\u00e9es que nous d\u00e9crivons ici est isenzio AG, sauf indication contraire dans le cas particulier. Les demandes concernant la protection des donn\u00e9es peuvent \u00eatre adress\u00e9es, en joignant une copie de la carte d&#8217;identit\u00e9 ou du passeport pour identifier l&#8217;utilisateur, par lettre ou par e-mail : isenzio AG, Rathausstrasse 14, 6340 Baar, Suisse, t\u00e9l\u00e9phone 041 560 42 41, info@easycurtain.ch.[\/vc_toggle][vc_toggle title=&#8221;2. collecte et traitement des donn\u00e9es personnelles&#8221; style=&#8221;simple&#8221;]Nous traitons les donn\u00e9es personnelles en particulier dans les cat\u00e9gories suivantes de<br \/>\n\u00c9ditions.<\/p>\n<ul>\n<li>Donn\u00e9es des clients pour lesquels nous fournissons ou avons fourni des services.<\/li>\n<li>Donn\u00e9es personnelles que nous obtenons indirectement de nos clients dans le cadre de la fourniture de services<br \/>\nont re\u00e7u.<\/li>\n<li>En visitant notre site web.<\/li>\n<li>En utilisant notre newsletter.<\/li>\n<li>En participant \u00e0 un de nos \u00e9v\u00e9nements<\/li>\n<li>Quand nous communiquons ou qu&#8217;une visite a lieu.<\/li>\n<li>Dans le cas d&#8217;une autre relation contractuelle, par exemple en tant que fournisseur, prestataire de services ou consultant.<\/li>\n<li>Pour les candidatures.<\/li>\n<li>Si nous sommes oblig\u00e9s de le faire pour des raisons l\u00e9gales ou r\u00e9glementaires.<\/li>\n<li>Si nous ne respectons pas notre devoir de diligence ou d&#8217;autres int\u00e9r\u00eats l\u00e9gitimes<br \/>\npar exemple pour \u00e9viter les conflits d&#8217;int\u00e9r\u00eats, le blanchiment d&#8217;argent ou la corruption.<br \/>\n\u00e9viter d&#8217;autres risques, garantir l&#8217;exactitude des donn\u00e9es, v\u00e9rifier la solvabilit\u00e9, garantir la s\u00e9curit\u00e9 ou faire valoir nos droits.<\/li>\n<\/ul>\n<p>Tu trouveras des informations plus d\u00e9taill\u00e9es dans la description de chaque cat\u00e9gorie d&#8217;\u00e9ditions dans ch. 5.[\/vc_toggle][vc_toggle title=&#8221;3. cat\u00e9gories de donn\u00e9es personnelles&#8221; style=&#8221;simple&#8221;]Les donn\u00e9es personnelles que nous traitons d\u00e9pendent de ta relation avec nous et de l&#8217;objectif pour lequel nous les traitons. En plus de tes donn\u00e9es de contact, nous traitons \u00e9galement d&#8217;autres informations te concernant ou concernant des personnes qui sont en relation avec toi. Dans certaines circonstances, ces informations peuvent \u00e9galement \u00eatre des donn\u00e9es personnelles particuli\u00e8rement sensibles.<\/p>\n<p>Nous collectons les donn\u00e9es personnelles suivantes, en fonction de l&#8217;objectif pour lequel nous les traitons :<\/p>\n<ul>\n<li>Informations de contact (civilit\u00e9, nom, pr\u00e9nom, adresse, num\u00e9ro de t\u00e9l\u00e9phone, e-mail)<\/li>\n<li>Donn\u00e9es d&#8217;\u00e9valuation des risques (par exemple, informations sur la solvabilit\u00e9, donn\u00e9es du registre du commerce)<\/li>\n<li>Informations financi\u00e8res (par exemple, donn\u00e9es sur les coordonn\u00e9es bancaires en cas de remboursements)<\/li>\n<li>Donn\u00e9es du site web (par exemple, adresse IP, informations sur l&#8217;appareil (UDI), informations sur le navigateur, utilisation du site web (analyse et utilisation des plugins, etc.)<\/li>\n<li>Donn\u00e9es de candidature (CV, certificats de travail)<\/li>\n<li>Informations de paiement (par ex. moyens de paiement enregistr\u00e9s, coordonn\u00e9es bancaires, adresse de facturation) ;<\/li>\n<li>Informations sur l&#8217;utilisation de nos plateformes en ligne<\/li>\n<li>Informations sur les sites web li\u00e9s, les profils de m\u00e9dias sociaux, etc.<\/li>\n<li>Informations sur les affinit\u00e9s et les int\u00e9r\u00eats, sur les pr\u00e9f\u00e9rences linguistiques, etc.<\/li>\n<li>Informations sur ta relation avec nous (client*, visiteur*, fournisseur, etc.) ;<\/li>\n<li>Informations sur les tiers associ\u00e9s (par ex. personnes de contact, b\u00e9n\u00e9ficiaires* de prestations ou repr\u00e9sentants) ;<\/li>\n<li>Param\u00e8tres concernant la r\u00e9ception de publicit\u00e9, les newsletters auxquelles tu es abonn\u00e9, etc.<\/li>\n<li>Informations sur ton statut chez nous (inactivit\u00e9 ou blocage d&#8217;un compte client, etc.)<\/li>\n<li>Informations sur la participation aux concours et aux jeux-concours<\/li>\n<li>Informations sur la participation aux \u00e9v\u00e9nements<\/li>\n<li>Informations sur les titres et la fonction dans l&#8217;entreprise pour les personnes de contact et les repr\u00e9sentants de nos partenaires commerciaux<\/li>\n<li>Date et heure des enregistrements.<\/li>\n<\/ul>\n<p>Dans la mesure o\u00f9 cela est autoris\u00e9, nous puisons \u00e9galement certaines donn\u00e9es dans des sources accessibles au public (par ex. registre des poursuites, registre foncier, registre du commerce, presse, Internet) ou nous en recevons de nos clients et de leurs collaborateurs, des autorit\u00e9s, des tribunaux (d&#8217;arbitrage) et d&#8217;autres tiers. Outre les donn\u00e9es que tu nous fournis directement, les cat\u00e9gories de donn\u00e9es personnelles que nous recevons de tiers \u00e0 ton sujet comprennent notamment des informations provenant de registres publics, des informations en rapport avec leurs fonctions professionnelles (par ex. lors de proc\u00e9dures d&#8217;appel d&#8217;offres), des informations sur la solvabilit\u00e9, des informations sur ta personne provenant des m\u00e9dias et d&#8217;Internet (dans la mesure o\u00f9 cela est indiqu\u00e9 dans un cas concret, par ex. dans le cadre d&#8217;une candidature, etc.), tes adresses et, le cas \u00e9ch\u00e9ant, tes donn\u00e9es personnelles. Int\u00e9r\u00eats et autres donn\u00e9es sociod\u00e9mographiques (pour le marketing), donn\u00e9es li\u00e9es \u00e0 l&#8217;utilisation du site web (par ex. adresse IP, adresse MAC du smartphone ou de l&#8217;ordinateur, informations sur ton appareil et ses param\u00e8tres, cookies, date et heure de la visite, pages et contenus consult\u00e9s, fonctions utilis\u00e9es, site web de r\u00e9f\u00e9rence, donn\u00e9es de localisation).[\/vc_toggle][vc_toggle title=&#8221;4. finalit\u00e9s du traitement des donn\u00e9es et base juridique&#8221; style=&#8221;simple&#8221;]<\/p>\n<h2>4.1. Fournir des services<\/h2>\n<p>Nous traitons en premier lieu les donn\u00e9es personnelles que nous collectons dans le cadre de nos activit\u00e9s.<br \/>\nRelations commerciales avec nos clients et autres relations contractuelles avec<br \/>\nObtenir des partenaires commerciaux de ces derniers et d&#8217;autres personnes impliqu\u00e9es dans le processus.<br \/>\nEn ce qui concerne les donn\u00e9es personnelles de nos clients, il s&#8217;agit notamment des informations suivantes :<\/p>\n<ul>\n<li>Informations de contact (par ex. nom, pr\u00e9nom, adresse, num\u00e9ro de t\u00e9l\u00e9phone, e-mail, autres informations de contact)<\/li>\n<li>Donn\u00e9es d&#8217;\u00e9valuation des risques (par exemple, informations sur la solvabilit\u00e9, donn\u00e9es du registre du commerce, donn\u00e9es provenant d&#8217;Internet)<\/li>\n<li>Informations financi\u00e8res (par exemple, donn\u00e9es sur les coordonn\u00e9es bancaires)<\/li>\n<\/ul>\n<p>Nous traitons ces donn\u00e9es personnelles aux fins d\u00e9crites sur la base de la<br \/>\nles bases juridiques suivantes :<\/p>\n<ul>\n<li>Conclusion ou ex\u00e9cution d&#8217;un contrat avec la personne concern\u00e9e ou<br \/>\nEn faveur de la personne concern\u00e9e (par ex. conseil)<\/li>\n<li>Sauvegarde d&#8217;int\u00e9r\u00eats l\u00e9gitimes, (par exemple \u00e0 des fins administratives, pour am\u00e9liorer notre qualit\u00e9, faire valoir nos droits, nous d\u00e9fendre contre des r\u00e9clamations ou examiner d&#8217;\u00e9ventuels conflits d&#8217;int\u00e9r\u00eats).<\/li>\n<li>Consentement (par exemple pour leur envoyer des informations marketing).<\/li>\n<\/ul>\n<h2>4.2. Traitement indirect des donn\u00e9es \u00e0 partir de la fourniture de services<\/h2>\n<p>Lorsque nous fournissons des services \u00e0 nos clients, il peut arriver que nous traitions \u00e9galement des donn\u00e9es personnelles que nous n&#8217;avons pas collect\u00e9es directement aupr\u00e8s des personnes concern\u00e9es ou des donn\u00e9es personnelles de tiers. Ces tiers sont g\u00e9n\u00e9ralement le ma\u00eetre d&#8217;ouvrage, les locataires, les vendeurs de logements ou les acheteurs de logements. Nous avons besoin de ces donn\u00e9es personnelles pour ex\u00e9cuter les contrats avec nos clients. Nous recevons ces donn\u00e9es personnelles de nos clients ou de tiers mandat\u00e9s par nos clients. Les tiers dont nous traitons les informations \u00e0 cette fin sont inform\u00e9s par nos clients que nous traitons leurs donn\u00e9es. Notre<br \/>\nLes clients peuvent se r\u00e9f\u00e9rer \u00e0 cette d\u00e9claration de confidentialit\u00e9.<\/p>\n<p>En ce qui concerne les donn\u00e9es personnelles des personnes qui sont en relation avec nos clients, il s&#8217;agit notamment des informations suivantes :<\/p>\n<ul>\n<li>Informations de contact (par ex. nom, pr\u00e9nom, adresse, num\u00e9ro de t\u00e9l\u00e9phone, e-mail, autres informations de contact, donn\u00e9es marketing)<\/li>\n<\/ul>\n<p>Nous traitons ces donn\u00e9es personnelles aux fins d\u00e9crites sur la base de la<br \/>\nles bases juridiques suivantes :<\/p>\n<ul>\n<li>Conclusion ou ex\u00e9cution d&#8217;un contrat avec la personne concern\u00e9e ou<br \/>\nen faveur de la personne concern\u00e9e (par exemple, lorsque nous assumons nos obligations contractuelles)<\/li>\n<li>Sauvegarde d&#8217;int\u00e9r\u00eats l\u00e9gitimes, notamment notre int\u00e9r\u00eat \u00e0 fournir un service optimal \u00e0 nos clients.<\/li>\n<\/ul>\n<h2>4.3. Utilisation de notre site web<\/h2>\n<p>Pour utiliser notre site web, il n&#8217;est pas n\u00e9cessaire de divulguer des donn\u00e9es personnelles. Cependant, \u00e0 chaque appel, le serveur collecte une s\u00e9rie d&#8217;informations sur l&#8217;utilisateur, qui sont temporairement stock\u00e9es dans les fichiers journaux du serveur.<br \/>\nLors de l&#8217;utilisation de ces informations g\u00e9n\u00e9rales, aucune attribution \u00e0 une personne n&#8217;est effectu\u00e9e.<br \/>\npersonne en particulier. La collecte de ces informations ou Les donn\u00e9es sont techniquement n\u00e9cessaires pour afficher notre site web et assurer sa stabilit\u00e9 et sa s\u00e9curit\u00e9. Ces informations sont \u00e9galement collect\u00e9es afin d&#8217;am\u00e9liorer le site web et d&#8217;analyser son utilisation.<\/p>\n<p>Il s&#8217;agit notamment des informations suivantes :<\/p>\n<ul>\n<li>Informations de contact (par ex. nom, pr\u00e9nom, adresse, num\u00e9ro de t\u00e9l\u00e9phone, e-mail)<\/li>\n<li>Autres informations que tu nous envoies via le site web<\/li>\n<li>Informations techniques transmises automatiquement \u00e0 nous ou \u00e0 nos prestataires de services, informations sur le comportement de l&#8217;utilisateur ou les param\u00e8tres du site web (par ex. adresse IP, UDI, type d&#8217;appareil, navigateur, nombre de clics sur la page, ouverture de la newsletter, clics sur les liens, etc.)<\/li>\n<\/ul>\n<p>Nous traitons ces donn\u00e9es personnelles aux fins d\u00e9crites sur la base de la<br \/>\nles bases juridiques suivantes :<\/p>\n<ul>\n<li>Sauvegarde d&#8217;int\u00e9r\u00eats l\u00e9gitimes, (par exemple \u00e0 des fins administratives, pour am\u00e9liorer notre qualit\u00e9, analyser les donn\u00e9es ou faire conna\u00eetre nos services).<\/li>\n<li>Consentement (par exemple \u00e0 l&#8217;utilisation de cookies ou \u00e0 la newsletter).<\/li>\n<\/ul>\n<h2>4.4. Utilisation de la newsletter<\/h2>\n<p>Si tu t&#8217;abonnes \u00e0 notre newsletter, nous utilisons ton adresse e-mail et d&#8217;autres donn\u00e9es de contact pour t&#8217;envoyer la newsletter. Tu peux t&#8217;abonner \u00e0 notre newsletter avec ton accord. Les donn\u00e9es obligatoires pour l&#8217;envoi de la newsletter sont ton nom complet ainsi que ton adresse e-mail, que nous enregistrons apr\u00e8s ton inscription. La base juridique pour le traitement de tes donn\u00e9es en rapport avec notre newsletter est ton consentement \u00e0 l&#8217;envoi de la newsletter. Tu peux les r\u00e9voquer \u00e0 tout moment et te d\u00e9sabonner de la newsletter.<\/p>\n<h2>4.5. Participation \u00e0 des \u00e9v\u00e9nements<\/h2>\n<p>Si tu participes \u00e0 un \u00e9v\u00e9nement que nous organisons, nous collectons<br \/>\nDonn\u00e9es personnelles pour organiser l&#8217;\u00e9v\u00e9nement, le r\u00e9aliser et t&#8217;envoyer \u00e9ventuellement des informations suppl\u00e9mentaires par la suite. Nous utilisons \u00e9galement tes informations pour te signaler d&#8217;autres \u00e9v\u00e9nements. Il se peut que nous te prenions en photo ou que nous te filmions lors de ces \u00e9v\u00e9nements et que nous publiions ces images en interne ou en externe.<\/p>\n<p>Il s&#8217;agit notamment des informations suivantes :<\/p>\n<ul>\n<li>Informations de contact (par ex. nom, pr\u00e9nom, adresse, num\u00e9ro de t\u00e9l\u00e9phone, e-mail)<\/li>\n<li>Informations personnelles (par ex. profession, fonction, titre, entreprise employeur,<br \/>\nhabitudes alimentaires)<\/li>\n<li>Des images ou des vid\u00e9os<\/li>\n<li>Informations de paiement (par ex. coordonn\u00e9es bancaires).<br \/>\nNous traitons ces donn\u00e9es personnelles aux fins d\u00e9crites sur la base des fondements juridiques suivants :<\/li>\n<li>Ex\u00e9cution d&#8217;une obligation contractuelle avec la personne concern\u00e9e ou en faveur de la personne concern\u00e9e, y compris Pr\u00e9paration du contrat et application \u00e9ventuelle (permettre la participation \u00e0 l&#8217;\u00e9v\u00e9nement)<\/li>\n<li>Sauvegarde d&#8217;int\u00e9r\u00eats l\u00e9gitimes (par ex. organisation d&#8217;\u00e9v\u00e9nements, diffusion d&#8217;informations sur notre \u00e9v\u00e9nement, fourniture de services, organisation efficace)<\/li>\n<li>Consentement (par exemple pour t&#8217;envoyer des informations marketing ou cr\u00e9er des images).<\/li>\n<\/ul>\n<h2>4.6. Communication directe et visites<\/h2>\n<p>Si tu nous contactes (par exemple par t\u00e9l\u00e9phone, e-mail ou chat) ou si nous te contactons, nous traitons les donn\u00e9es personnelles n\u00e9cessaires \u00e0 cet effet. Nous traitons \u00e9galement ces donn\u00e9es personnelles lorsque tu nous rends visite. Dans ce cas, il se peut que tu doives laisser tes coordonn\u00e9es avant ta visite ou \u00e0 la r\u00e9ception. Nous les conservons pendant un certain temps afin de prot\u00e9ger notre infrastructure et nos informations.<\/p>\n<p>Pour organiser des conf\u00e9rences t\u00e9l\u00e9phoniques, des r\u00e9unions en ligne, des vid\u00e9oconf\u00e9rences et\/ou des webinaires (&#8220;r\u00e9unions en ligne&#8221;), nous utilisons le service &#8220;WhatsApp&#8221;, &#8220;FaceTime&#8221;, &#8220;Skype&#8221; ou &#8220;Microsoft Teams&#8221;.<\/p>\n<p>Nous traitons en particulier les informations suivantes :<\/p>\n<ul>\n<li>Informations de contact (par ex. nom, pr\u00e9nom, adresse, num\u00e9ro de t\u00e9l\u00e9phone, e-mail)<\/li>\n<li>Donn\u00e9es marginales sur la communication (par ex. adresse IP, dur\u00e9e de la communication, canal de communication)<\/li>\n<li>Enregistrement des conversations, par exemple lors de vid\u00e9oconf\u00e9rences<\/li>\n<li>D&#8217;autres informations que l&#8217;utilisateur t\u00e9l\u00e9charge, fournit ou cr\u00e9e pendant l&#8217;utilisation du service de vid\u00e9oconf\u00e9rence, ainsi que les m\u00e9tadonn\u00e9es utilis\u00e9es pour la maintenance du service fourni Des informations suppl\u00e9mentaires sur le traitement des donn\u00e9es personnelles par &#8220;WhatsApp&#8221;, &#8220;FaceTime&#8221;, &#8220;Skype&#8221; ou &#8220;Microsoft Teams&#8221; sont disponibles dans leurs d\u00e9clarations de confidentialit\u00e9.<\/li>\n<li>Informations personnelles (par ex. profession, fonction, titre, entreprise employeur)<\/li>\n<li>Le moment et la raison de la visite.<\/li>\n<\/ul>\n<p>Nous traitons ces donn\u00e9es personnelles aux fins d\u00e9crites sur la base de la<br \/>\nles bases juridiques suivantes :<\/p>\n<ul>\n<li>Ex\u00e9cution d&#8217;une obligation contractuelle avec la personne concern\u00e9e ou en faveur de la personne concern\u00e9e, y compris Pr\u00e9paration du contrat et application \u00e9ventuelle (fourniture d&#8217;un service)<\/li>\n<li>Pr\u00e9servation des int\u00e9r\u00eats l\u00e9gitimes (par ex. s\u00e9curit\u00e9, tra\u00e7abilit\u00e9 ainsi que<br \/>\nTraitement et administration des relations avec les clients).<\/li>\n<\/ul>\n<h2>4.7. Candidatures<\/h2>\n<p>Tu peux envoyer ta candidature pour un poste chez nous par la poste ou via l&#8217;adresse e-mail indiqu\u00e9e sur notre site web. Les dossiers de candidature et toutes les donn\u00e9es personnelles qui nous sont ainsi transmises sont trait\u00e9s de mani\u00e8re strictement confidentielle, ne sont pas communiqu\u00e9s \u00e0 des tiers et ne sont utilis\u00e9s que dans le but de traiter ta candidature \u00e0 des postes de travail.<br \/>\ntu as travaill\u00e9 sur un emploi chez nous Sans ton accord contraire, ton<br \/>\nUne fois la proc\u00e9dure de candidature termin\u00e9e, le dossier de candidature te sera soit renvoy\u00e9, soit effac\u00e9\/d\u00e9truit, \u00e0 moins qu&#8217;il ne soit soumis \u00e0 une obligation l\u00e9gale.<br \/>\nest soumis \u00e0 une obligation de conservation. Les bases juridiques pour le traitement de tes donn\u00e9es sont ton consentement, l&#8217;ex\u00e9cution du contrat avec toi et nos int\u00e9r\u00eats l\u00e9gitimes.<\/p>\n<p>Nous traitons en particulier les informations suivantes :<\/p>\n<ul>\n<li>Informations de contact (par ex. nom, pr\u00e9nom, adresse, num\u00e9ro de t\u00e9l\u00e9phone, e-mail)<\/li>\n<li>Informations personnelles (par ex. profession, fonction, titre, entreprise employeur)<\/li>\n<li>Documents de candidature (par ex. lettre de motivation, certificats, dipl\u00f4mes, CV)<\/li>\n<li>Informations d&#8217;\u00e9valuation (par ex. \u00e9valuation des recruteurs, informations de r\u00e9f\u00e9rence, \u00e9valuations)<\/li>\n<\/ul>\n<p>Nous traitons ces donn\u00e9es personnelles aux fins d\u00e9crites sur la base de la<br \/>\nles bases juridiques suivantes :<\/p>\n<ul>\n<li>Sauvegarde d&#8217;int\u00e9r\u00eats l\u00e9gitimes (par ex. embauche de nouveaux collaborateurs)<\/li>\n<li>Consentement.<\/li>\n<\/ul>\n<h2>4.8. Fournisseurs, prestataires de services, autres contractants<\/h2>\n<p>Lorsque nous concluons un contrat avec toi pour que tu nous fournisses un service ou que tu nous livres des marchandises, nous traitons les donn\u00e9es personnelles de toi ou de tes collaborateurs. Nous en avons besoin pour communiquer avec toi et utiliser tes services ou commander tes marchandises.<\/p>\n<p>Nous traitons en particulier les informations suivantes :<\/p>\n<ul>\n<li>Informations de contact (par ex. nom, pr\u00e9nom, adresse, num\u00e9ro de t\u00e9l\u00e9phone, e-mail).<\/li>\n<li>Informations personnelles (par ex. profession, fonction, titre, entreprise employeur).<\/li>\n<li>Informations financi\u00e8res (par exemple, donn\u00e9es relatives aux coordonn\u00e9es bancaires).<\/li>\n<\/ul>\n<p>Nous traitons ces donn\u00e9es personnelles aux fins d\u00e9crites sur la base de la<br \/>\nles bases juridiques suivantes :<\/p>\n<ul>\n<li>Conclusion ou ex\u00e9cution d&#8217;un contrat avec la personne concern\u00e9e ou<br \/>\nen faveur de la personne concern\u00e9e, y compris Pr\u00e9paration du contrat et \u00e9ventuels<br \/>\nApplication<\/li>\n<li>Sauvegarde d&#8217;int\u00e9r\u00eats l\u00e9gitimes, (par ex. \u00e9viter les conflits d&#8217;int\u00e9r\u00eats, prot\u00e9ger l&#8217;entreprise, faire valoir des droits l\u00e9gaux).<\/li>\n<\/ul>\n<p>[\/vc_toggle][vc_toggle title=&#8221;5. les technologies de suivi&#8221; style=&#8221;simple&#8221;]Nous utilisons des cookies sur notre site web. Il s&#8217;agit de petits fichiers que ton navigateur cr\u00e9e automatiquement et qui sont enregistr\u00e9s sur ton terminal (ordinateur portable, tablette, smartphone ou autre) lorsque tu visites notre site.<\/p>\n<p>Le cookie contient des informations qui sont li\u00e9es au terminal utilis\u00e9. Cela ne signifie pas pour autant que nous prenons directement connaissance de ton identit\u00e9. L&#8217;utilisation de cookies sert d&#8217;une part \u00e0 rendre l&#8217;utilisation de notre offre plus agr\u00e9able pour toi. Nous utilisons ainsi des cookies dits de session pour reconna\u00eetre que tu as d\u00e9j\u00e0 visit\u00e9 certaines pages de notre site. Ceux-ci sont automatiquement supprim\u00e9s apr\u00e8s avoir quitt\u00e9 notre site.<\/p>\n<p>En outre, pour optimiser la convivialit\u00e9, nous utilisons \u00e9galement des cookies temporaires qui sont stock\u00e9s sur ton terminal pendant une p\u00e9riode d\u00e9termin\u00e9e. Si tu te rends \u00e0 nouveau sur notre site pour utiliser nos services, le syst\u00e8me reconna\u00eet automatiquement que tu as d\u00e9j\u00e0 \u00e9t\u00e9 sur notre site et les donn\u00e9es et param\u00e8tres que tu as saisis afin de ne pas avoir \u00e0 les saisir \u00e0 nouveau. D&#8217;autre part, nous utilisons des cookies pour enregistrer des statistiques sur l&#8217;utilisation de notre site web et les \u00e9valuer dans le but d&#8217;optimiser notre offre pour toi. Ces cookies nous permettent de reconna\u00eetre automatiquement que tu as d\u00e9j\u00e0 \u00e9t\u00e9 sur notre site lorsque tu le consultes \u00e0 nouveau. Ces cookies sont automatiquement supprim\u00e9s apr\u00e8s une p\u00e9riode d\u00e9finie \u00e0 chaque fois.<\/p>\n<p>Les donn\u00e9es trait\u00e9es par les cookies sont n\u00e9cessaires aux fins mentionn\u00e9es. La plupart des navigateurs acceptent automatiquement les cookies. Tu peux toutefois configurer ton navigateur de mani\u00e8re \u00e0 ce qu&#8217;aucun cookie ne soit stock\u00e9 sur ton ordinateur ou qu&#8217;un message apparaisse toujours avant la cr\u00e9ation d&#8217;un nouveau cookie. Cependant, la d\u00e9sactivation compl\u00e8te des cookies peut t&#8217;emp\u00eacher d&#8217;utiliser toutes les fonctionnalit\u00e9s de notre site.[\/vc_toggle][vc_toggle title=&#8221;6. analyse du web et de la newsletter&#8221; style=&#8221;simple&#8221;]Nous utilisons les outils d&#8217;analyse Web et les technologies de reciblage suivants pour obtenir des informations sur l&#8217;utilisation de notre site Web, am\u00e9liorer notre offre Internet et te proposer des publicit\u00e9s sur les sites Web de tiers ou sur les m\u00e9dias sociaux : Google Analytics et Mailchimp (newsletter).<\/p>\n<p>Ces outils sont mis \u00e0 disposition par des fournisseurs tiers. En r\u00e8gle g\u00e9n\u00e9rale, les informations collect\u00e9es \u00e0 cette fin sur l&#8217;utilisation d&#8217;un site web sont transmises au serveur du fournisseur tiers par l&#8217;utilisation de cookies ou de technologies similaires. Selon le fournisseur tiers, ces serveurs se trouvent \u00e0 l&#8217;\u00e9tranger.<\/p>\n<p>La transmission des donn\u00e9es se fait normalement en abr\u00e9geant les adresses IP, ce qui emp\u00eache l&#8217;identification des terminaux individuels. La transmission de ces informations par des fournisseurs tiers n&#8217;a lieu que sur la base de prescriptions l\u00e9gales ou dans le cadre du traitement des donn\u00e9es de commande.<\/p>\n<h2>6.1. Google Analytics<\/h2>\n<p>Nous utilisons sur nos pages web Google Analytics le service d&#8217;analyse web de Google LLC, Mountain View, California, USA, responsable pour l&#8217;Europe est Google Limited Ireland (&#8220;Google&#8221;).<\/p>\n<p>Pour d\u00e9sactiver Google Analytics, Google met \u00e0 ta disposition sur le site<br \/>\n<a href=\"https:\/\/tools.google.com\/dlpage\/gaoptout?hl=de\" target=\"_blank\" rel=\"noopener\">https:\/\/tools.google.com\/dlpage\/gaoptout?hl=de<\/a> un plug-in de navigateur est disponible. Google Analytics utilise des cookies. Ce sont de petits fichiers texte qui permettent de stocker sur le terminal de l&#8217;utilisateur des informations sp\u00e9cifiques \u00e0 l&#8217;utilisateur.<\/p>\n<p>Ils permettent d&#8217;analyser l&#8217;utilisation que Google fait de l&#8217;offre de notre site web. Les informations recueillies par le cookie sur l&#8217;utilisation de nos pages (y compris ton adresse IP) sont g\u00e9n\u00e9ralement transmises \u00e0 un serveur de Google aux \u00c9tats-Unis et y sont stock\u00e9es. Nous attirons ton attention sur le fait que sur ce site, Google Analytics a \u00e9t\u00e9 compl\u00e9t\u00e9 par le code &#8220;gat._anonymizeIp() ;&#8221; afin de garantir une collecte anonyme des adresses IP (ce que l&#8217;on appelle le masquage IP). Si l&#8217;anonymisation est activ\u00e9e, Google raccourcit les adresses IP dans les \u00c9tats membres de l&#8217;Union europ\u00e9enne ou dans d&#8217;autres \u00c9tats signataires de l&#8217;accord sur l&#8217;Espace \u00e9conomique europ\u00e9en, ce qui ne permet pas de remonter \u00e0 ton identit\u00e9. Ce n&#8217;est que dans des cas exceptionnels que l&#8217;adresse IP compl\u00e8te est transmise \u00e0 un serveur de Google aux \u00c9tats-Unis et y est raccourcie. Google peut associer ton adresse IP \u00e0 d&#8217;autres donn\u00e9es de Google. Pour les transferts de donn\u00e9es vers les Etats-Unis, Google s&#8217;est engag\u00e9 \u00e0 signer et \u00e0 respecter les clauses contractuelles types de l&#8217;UE.<\/p>\n<h2>6.2. Google Maps<\/h2>\n<p>Sur notre site web, nous utilisons Google Maps (API) de Google Inc. (1600 Amphitheatre Parkway, Mountain View, CA 94043, USA ; responsable pour l&#8217;Europe est Google Limited Ireland, &#8220;Google&#8221;). Google Maps est un service web permettant d&#8217;afficher des cartes (terrestres) interactives pour repr\u00e9senter visuellement des informations g\u00e9ographiques. En utilisant ce service, tu peux voir o\u00f9 nous nous trouvons et faciliter ton acc\u00e8s. D\u00e8s que tu acc\u00e8des aux sous-pages dans lesquelles la carte de Google Maps est int\u00e9gr\u00e9e, des informations sur ton utilisation de notre site (comme ton adresse IP) sont transmises \u00e0 des serveurs de Google aux \u00c9tats-Unis et y sont enregistr\u00e9es. Cela se produit ind\u00e9pendamment du fait que Google fournisse un compte d&#8217;utilisateur avec lequel tu es connect\u00e9 ou qu&#8217;il n&#8217;y ait pas de compte d&#8217;utilisateur. Si tu es connect\u00e9(e) \u00e0 Google, tes donn\u00e9es seront directement associ\u00e9es \u00e0 ton compte. Si tu ne souhaites pas que ton profil soit associ\u00e9 \u00e0 celui de Google, tu dois te d\u00e9connecter avant d&#8217;activer le bouton. Google enregistre tes donn\u00e9es (m\u00eame pour les utilisateurs non connect\u00e9s) sous forme de profils d&#8217;utilisation et les \u00e9value.<\/p>\n<p>Pour les transferts de donn\u00e9es vers les \u00c9tats-Unis, Google s&#8217;est engag\u00e9 \u00e0 respecter la l\u00e9gislation de l&#8217;UE.<br \/>\nSigner et respecter les clauses contractuelles standard.<\/p>\n<h2>6.3. Plugins de m\u00e9dias sociaux<\/h2>\n<p>Sur notre site web, nous utilisons des plugins de m\u00e9dias sociaux (&#8220;plugins&#8221;) de<br \/>\nUtilise des fournisseurs tiers. Les plugins sont reconnaissables gr\u00e2ce au logo du r\u00e9seau social concern\u00e9. Gr\u00e2ce aux plugins, nous t&#8217;offrons la possibilit\u00e9 d&#8217;interagir avec les r\u00e9seaux sociaux et les autres utilisateurs. Nous utilisons les plugins suivants sur notre site web : Instagramm, Facebook, Twitter, LinkedIn, YouTube. Lorsque tu consultes notre site web, ton navigateur \u00e9tablit une connexion directe avec les serveurs du fournisseur tiers.<\/p>\n<p>Le contenu du plugin (par exemple les vid\u00e9os YouTube) est transmis directement \u00e0 ton navigateur par le fournisseur tiers concern\u00e9 et int\u00e9gr\u00e9 dans la page.<\/p>\n<p>Le partage des donn\u00e9es pour l&#8217;affichage de contenus (par exemple les publications sur Twitter) se fait ind\u00e9pendamment du fait que tu poss\u00e8des ou non un compte chez un fournisseur tiers et que tu y sois connect\u00e9.<\/p>\n<p>Si tu es connect\u00e9(e) chez le fournisseur tiers, les donn\u00e9es que nous collectons sont en outre directement associ\u00e9es \u00e0 ton compte existant chez le fournisseur tiers. Si tu actives les plugins, les informations seront \u00e9galement publi\u00e9es sur le r\u00e9seau social et affich\u00e9es \u00e0 tes contacts. Pour conna\u00eetre l&#8217;objectif et l&#8217;\u00e9tendue de la collecte de donn\u00e9es, le traitement et l&#8217;utilisation ult\u00e9rieurs des donn\u00e9es par les fournisseurs tiers, ainsi que leurs droits \u00e0 cet \u00e9gard et les possibilit\u00e9s de param\u00e9trage pour prot\u00e9ger ta vie priv\u00e9e, consulte la d\u00e9claration de confidentialit\u00e9 des fournisseurs tiers. Le fournisseur tiers enregistre les donn\u00e9es collect\u00e9es \u00e0 ton sujet sous forme de profils d&#8217;utilisation et les utilise \u00e0 des fins publicitaires,<\/p>\n<p>\u00c9tude de march\u00e9 et\/ou conception de son site Web en fonction des besoins. Une telle<br \/>\nL&#8217;\u00e9valuation se fait en particulier aussi pour les utilisateurs non connect\u00e9s afin de pr\u00e9senter des publicit\u00e9s adapt\u00e9es aux besoins et d&#8217;informer les autres utilisateurs du r\u00e9seau social de tes activit\u00e9s sur notre site. Si tu souhaites \u00e9viter que les fournisseurs tiers n&#8217;associent pas les donn\u00e9es collect\u00e9es sur notre site \u00e0 ton profil personnel sur le r\u00e9seau social concern\u00e9, tu dois te d\u00e9connecter du r\u00e9seau social en question avant de visiter notre site. Tu peux aussi emp\u00eacher compl\u00e8tement le chargement des plugins avec des modules compl\u00e9mentaires sp\u00e9cialis\u00e9s pour ton navigateur, comme par exemple &#8220;Ghostery&#8221; (https:\/\/www.ghostery.com\/) ou &#8220;NoScript&#8221; (http:\/\/noscript.net\/).<br \/>\nemp\u00eacher<\/p>\n<h2>6.4. Suivi de la newsletter<\/h2>\n<p>Pour l&#8217;envoi de nos newsletters, nous utilisons le logiciel Mailchimp. Ce logiciel permet d&#8217;envoyer des newsletters et de les analyser. Pour effectuer cette analyse, nous collectons les donn\u00e9es de l&#8217;appareil et les donn\u00e9es d&#8217;acc\u00e8s. Pour les collecter, la newsletter contient des liens de suivi anonymes. Ces technologies nous permettent de savoir si la newsletter a \u00e9t\u00e9 re\u00e7ue ou non.<br \/>\nest ouvert, et quel contenu a \u00e9t\u00e9 cliqu\u00e9. Nous utilisons ces informations pour am\u00e9liorer notre newsletter et nos offres.[\/vc_toggle][vc_toggle title=&#8221;7. partage et transmission des donn\u00e9es&#8221; style=&#8221;simple&#8221;]Nous ne transmettons tes donn\u00e9es \u00e0 des tiers que si cela est n\u00e9cessaire pour fournir notre prestation, si ces tiers nous fournissent un service, si nous y sommes contraints par la loi ou si nous avons un int\u00e9r\u00eat pr\u00e9pond\u00e9rant \u00e0 transmettre les donn\u00e9es personnelles. Nous transmettrons \u00e9galement des donn\u00e9es personnelles \u00e0 des tiers si tu as donn\u00e9 ton accord ou si tu nous as demand\u00e9 de le faire. Toutes les donn\u00e9es personnelles ne sont pas transmises de mani\u00e8re crypt\u00e9e par d\u00e9faut. Sauf accord contraire explicite avec le client, les esquisses, plans, images et autres donn\u00e9es de projet sont transmis non crypt\u00e9s.<\/p>\n<p>Les cat\u00e9gories suivantes de destinataires peuvent recevoir des donn\u00e9es personnelles de notre part :<\/p>\n<ul>\n<li>Succursales<\/li>\n<li>Prestataires de services (par ex. fournisseurs de services informatiques, fournisseurs d&#8217;h\u00e9bergement, fournisseurs, consultants).<\/li>\n<li>des tiers dans le cadre de nos obligations l\u00e9gales ou contractuelles.<\/li>\n<\/ul>\n<p>Avec les prestataires de services qui traitent des donn\u00e9es personnelles en notre nom, nous concluons des contrats qui les obligent \u00e0 garantir la protection des donn\u00e9es. Nos prestataires de services se trouvent pour la plupart en Suisse ou dans l&#8217;UE \/ l&#8217;EEE. Certaines donn\u00e9es personnelles peuvent \u00e9galement \u00eatre transmises aux Etats-Unis (par ex. donn\u00e9es Google Analytics) ou, dans des cas exceptionnels, dans d&#8217;autres pays du monde entier. Si un transfert de donn\u00e9es vers d&#8217;autres pays ne disposant pas d&#8217;un niveau de protection des donn\u00e9es ad\u00e9quat est n\u00e9cessaire, il se fera sur la base des clauses contractuelles types de l&#8217;UE (par exemple dans le cas de Google) ou d&#8217;autres instruments appropri\u00e9s).[\/vc_toggle][vc_toggle title=&#8221;8. dur\u00e9e de conservation des donn\u00e9es personnelles&#8221; style=&#8221;simple&#8221;]Nous traitons et conservons tes donn\u00e9es personnelles aussi longtemps que cela est n\u00e9cessaire pour remplir nos obligations contractuelles et l\u00e9gales ou, sinon, les objectifs poursuivis par le traitement, c&#8217;est-\u00e0-dire, par exemple, pendant toute la dur\u00e9e de la relation commerciale (de l&#8217;initiation, du d\u00e9roulement jusqu&#8217;\u00e0 la fin d&#8217;un contrat) et au-del\u00e0, conform\u00e9ment aux obligations l\u00e9gales de conservation et de documentation. Dans ce contexte, il est possible que les donn\u00e9es personnelles soient conserv\u00e9es pendant la p\u00e9riode o\u00f9 des droits peuvent \u00eatre exerc\u00e9s contre notre entreprise (c&#8217;est-\u00e0-dire notamment pendant le d\u00e9lai de prescription l\u00e9gal) et dans la mesure o\u00f9 nous y sommes contraints par ailleurs par la loi ou si des int\u00e9r\u00eats commerciaux l\u00e9gitimes l&#8217;exigent (par ex.<br \/>\n\u00e0 des fins de preuve et de documentation). Une fois que tes donn\u00e9es personnelles ont \u00e9t\u00e9 utilis\u00e9es pour les raisons susmentionn\u00e9es<br \/>\nSi les donn\u00e9es ne sont plus n\u00e9cessaires aux fins mentionn\u00e9es ci-dessus, elles sont en principe et dans la mesure du possible supprim\u00e9es ou rendues anonymes. Pour les donn\u00e9es d&#8217;entreprise (par ex. les journaux de syst\u00e8me, les logs), des d\u00e9lais de conservation plus courts de douze mois ou moins s&#8217;appliquent en principe.[\/vc_toggle][vc_toggle title=&#8221;9. s\u00e9curit\u00e9 des donn\u00e9es&#8221; style=&#8221;simple&#8221;]Nous prenons des mesures de s\u00e9curit\u00e9 techniques et organisationnelles appropri\u00e9es pour prot\u00e9ger tes donn\u00e9es personnelles contre tout acc\u00e8s non autoris\u00e9 et toute utilisation abusive, telles que l&#8217;\u00e9mission de directives, la formation, les solutions de s\u00e9curit\u00e9 informatique et de r\u00e9seau, le cryptage des supports et des transmissions, la pseudonymisation et les contr\u00f4les.[\/vc_toggle][vc_toggle title=&#8221;10. tes droits&#8221; style=&#8221;simple&#8221;]En ce qui concerne notre traitement des donn\u00e9es personnelles, tu as les droits suivants :<\/p>\n<ul>\n<li>Droit d&#8217;acc\u00e8s aux donn\u00e9es personnelles enregistr\u00e9es chez nous \u00e0 ton sujet, au but du traitement, \u00e0 l&#8217;origine ainsi qu&#8217;aux destinataires ou cat\u00e9gories de destinataires auxquels les donn\u00e9es personnelles sont transmises.<\/li>\n<li>Droit de rectification si tes donn\u00e9es sont incorrectes ou incompl\u00e8tes.<\/li>\n<li>Droit \u00e0 la limitation du traitement de tes donn\u00e9es personnelles<\/li>\n<li>Droit de demander l&#8217;effacement des donn\u00e9es personnelles trait\u00e9es<\/li>\n<li>Droit \u00e0 la portabilit\u00e9 des donn\u00e9es<\/li>\n<li>Droit de s&#8217;opposer \u00e0 un traitement de donn\u00e9es ou de r\u00e9voquer \u00e0 tout moment un consentement au traitement de donn\u00e9es personnelles sans avoir \u00e0 se justifier.<\/li>\n<li>Droit de d\u00e9poser une plainte aupr\u00e8s d&#8217;une autorit\u00e9 de surveillance comp\u00e9tente, si la loi le pr\u00e9voit.<\/li>\n<\/ul>\n<p>Pour faire valoir ces droits, adresse-toi \u00e0 l&#8217;adresse indiqu\u00e9e au point 1 adresse indiqu\u00e9e.<\/p>\n<p>Note toutefois que nous nous r\u00e9servons le droit d&#8217;invoquer de notre c\u00f4t\u00e9 les restrictions pr\u00e9vues par la loi, par exemple si nous sommes oblig\u00e9s de conserver ou de traiter certaines donn\u00e9es, si nous avons un int\u00e9r\u00eat pr\u00e9pond\u00e9rant \u00e0 le faire (dans la mesure o\u00f9 nous pouvons l&#8217;invoquer) ou si nous en avons besoin pour faire valoir des droits. S&#8217;il y a des frais pour toi, nous t&#8217;en informerons \u00e0 l&#8217;avance.[\/vc_toggle][\/vc_column][\/vc_row][vc_row css=&#8221;.vc_custom_1697446699541{padding-bottom: 40px !important;}&#8221;][vc_column width=&#8221;1\/6&#8243;]<span class=\"konte-dash text-default   \"><span class=\"konte-dash__line\"><\/span><\/span>[\/vc_column][vc_column width=&#8221;5\/6&#8243;][vc_custom_heading text=&#8221;R\u00e9serve&#8221; use_theme_fonts=&#8221;yes&#8221;][vc_column_text]<\/p>\n<p>Nous nous r\u00e9servons express\u00e9ment le droit de modifier cette d\u00e9claration de confidentialit\u00e9 \u00e0 tout moment.<\/p>\n<p>Derni\u00e8re mise \u00e0 jour : octobre 2023<\/p>\n<p>[\/vc_column_text][\/vc_column][\/vc_row][vc_row full_width=&#8221;stretch_row&#8221; css=&#8221;.vc_custom_1697446684376{padding-top: 60px !important;padding-bottom: 40px !important;background-color: #f3d2d3 !important;}&#8221;][vc_column][vc_custom_heading text=&#8221;Fabriqu\u00e9 \u00e0 la main selon tes souhaits.&#8221; font_container=&#8221;tag:h3|text_align:center&#8221; use_theme_fonts=&#8221;yes&#8221;]<p class=\"konte-button-wrapper text-center\"><a href=\"https:\/\/easycurtain.ch\/fr-ch\/k\/rideaux\/\" title=\"Voir la collection de rideaux\" class=\"konte-button button-normal text-dark align-center large   button square\">Voir la collection de rideaux<\/a><\/p>[vc_raw_html]PHN0eWxlPi5wYWdlLWhlYWRlciB7YmFja2dyb3VuZC1jb2xvcjogIzAwMDAwMCAhaW1wb3J0YW50O30KLmVudHJ5LXRodW1ibmFpbCB7b3BhY2l0eTogMC43O30KPC9zdHlsZT4=[\/vc_raw_html][\/vc_column][\/vc_row]<\/p>\n<\/div>","protected":false},"excerpt":{"rendered":"<p>[vc_row css=&#8221;.vc_custom_1697446529585{padding-top: 40px !important;}&#8221;][vc_column width=&#8221;1\/6&#8243;][\/vc_column][vc_column width=&#8221;5\/6&#8243;][vc_column_text] Dans cette d\u00e9claration de protection des donn\u00e9es, nous, isenzio AG (ci-apr\u00e8s &#8220;isenzio&#8221;, nous ou nous), d\u00e9crivons comment nous collectons et traitons les donn\u00e9es personnelles.&hellip;<\/p>\n","protected":false},"author":1,"featured_media":100395,"parent":0,"menu_order":0,"comment_status":"closed","ping_status":"open","template":"","meta":{"_acf_changed":false,"footnotes":""},"class_list":["post-101158","page","type-page","status-publish","has-post-thumbnail","hentry"],"acf":[],"yoast_head":"<!-- This site is optimized with the Yoast SEO plugin v27.1.1 - https:\/\/yoast.com\/product\/yoast-seo-wordpress\/ -->\n<title>D\u00e9claration de protection des donn\u00e9es - easyCurtain<\/title>\n<meta name=\"robots\" content=\"index, follow, max-snippet:-1, max-image-preview:large, max-video-preview:-1\" \/>\n<link rel=\"canonical\" href=\"https:\/\/easycurtain.ch\/fr-ch\/declaration-de-protection-des-donnees\/\" \/>\n<meta property=\"og:locale\" content=\"fr_FR\" \/>\n<meta property=\"og:type\" content=\"article\" \/>\n<meta property=\"og:title\" content=\"D\u00e9claration de protection des donn\u00e9es - easyCurtain\" \/>\n<meta property=\"og:description\" content=\"[vc_row css=&#8221;.vc_custom_1697446529585{padding-top: 40px !important;}&#8221;][vc_column width=&#8221;1\/6&#8243;][\/vc_column][vc_column width=&#8221;5\/6&#8243;][vc_column_text] Dans cette d\u00e9claration de protection des donn\u00e9es, nous, isenzio AG (ci-apr\u00e8s &#8220;isenzio&#8221;, nous ou nous), d\u00e9crivons comment nous collectons et traitons les donn\u00e9es personnelles.&hellip;\" \/>\n<meta property=\"og:url\" content=\"https:\/\/easycurtain.ch\/fr-ch\/declaration-de-protection-des-donnees\/\" \/>\n<meta property=\"og:site_name\" content=\"easyCurtain\" \/>\n<meta property=\"article:modified_time\" content=\"2024-03-04T12:30:20+00:00\" \/>\n<meta property=\"og:image\" content=\"https:\/\/easycurtain.ch\/wp-content\/uploads\/2023\/11\/datenschutzerklaerung-schoener-vorhang-helles-zimmer-1.jpg\" \/>\n\t<meta property=\"og:image:width\" content=\"1800\" \/>\n\t<meta property=\"og:image:height\" content=\"900\" \/>\n\t<meta property=\"og:image:type\" content=\"image\/jpeg\" \/>\n<meta name=\"twitter:card\" content=\"summary_large_image\" \/>\n<meta name=\"twitter:label1\" content=\"Est. reading time\" \/>\n\t<meta name=\"twitter:data1\" content=\"26 minutes\" \/>\n<script type=\"application\/ld+json\" class=\"yoast-schema-graph\">{\"@context\":\"https:\/\/schema.org\",\"@graph\":[{\"@type\":\"WebPage\",\"@id\":\"https:\/\/easycurtain.ch\/fr-ch\/declaration-de-protection-des-donnees\/\",\"url\":\"https:\/\/easycurtain.ch\/fr-ch\/declaration-de-protection-des-donnees\/\",\"name\":\"D\u00e9claration de protection des donn\u00e9es - easyCurtain\",\"isPartOf\":{\"@id\":\"https:\/\/easycurtain.ch\/fr-ch\/#website\"},\"primaryImageOfPage\":{\"@id\":\"https:\/\/easycurtain.ch\/fr-ch\/declaration-de-protection-des-donnees\/#primaryimage\"},\"image\":{\"@id\":\"https:\/\/easycurtain.ch\/fr-ch\/declaration-de-protection-des-donnees\/#primaryimage\"},\"thumbnailUrl\":\"https:\/\/easycurtain.ch\/wp-content\/uploads\/2023\/11\/datenschutzerklaerung-schoener-vorhang-helles-zimmer-1.jpg\",\"datePublished\":\"2023-09-19T06:35:43+00:00\",\"dateModified\":\"2024-03-04T12:30:20+00:00\",\"breadcrumb\":{\"@id\":\"https:\/\/easycurtain.ch\/fr-ch\/declaration-de-protection-des-donnees\/#breadcrumb\"},\"inLanguage\":\"fr-CH\",\"potentialAction\":[{\"@type\":\"ReadAction\",\"target\":[\"https:\/\/easycurtain.ch\/fr-ch\/declaration-de-protection-des-donnees\/\"]}]},{\"@type\":\"ImageObject\",\"inLanguage\":\"fr-CH\",\"@id\":\"https:\/\/easycurtain.ch\/fr-ch\/declaration-de-protection-des-donnees\/#primaryimage\",\"url\":\"https:\/\/easycurtain.ch\/wp-content\/uploads\/2023\/11\/datenschutzerklaerung-schoener-vorhang-helles-zimmer-1.jpg\",\"contentUrl\":\"https:\/\/easycurtain.ch\/wp-content\/uploads\/2023\/11\/datenschutzerklaerung-schoener-vorhang-helles-zimmer-1.jpg\",\"width\":1800,\"height\":900,\"caption\":\"Datenschutzerkl\u00e4rung - Sch\u00f6ner Vohrang in hellem Zimmer\"},{\"@type\":\"BreadcrumbList\",\"@id\":\"https:\/\/easycurtain.ch\/fr-ch\/declaration-de-protection-des-donnees\/#breadcrumb\",\"itemListElement\":[{\"@type\":\"ListItem\",\"position\":1,\"name\":\"Home\",\"item\":\"https:\/\/easycurtain.ch\/fr-ch\/?page_id=101168\"},{\"@type\":\"ListItem\",\"position\":2,\"name\":\"D\u00e9claration de protection des donn\u00e9es\"}]},{\"@type\":\"WebSite\",\"@id\":\"https:\/\/easycurtain.ch\/fr-ch\/#website\",\"url\":\"https:\/\/easycurtain.ch\/fr-ch\/\",\"name\":\"easyCurtain\",\"description\":\"Superbes rideaux. Petits prix.\",\"publisher\":{\"@id\":\"https:\/\/easycurtain.ch\/fr-ch\/#organization\"},\"potentialAction\":[{\"@type\":\"SearchAction\",\"target\":{\"@type\":\"EntryPoint\",\"urlTemplate\":\"https:\/\/easycurtain.ch\/fr-ch\/?s={search_term_string}\"},\"query-input\":{\"@type\":\"PropertyValueSpecification\",\"valueRequired\":true,\"valueName\":\"search_term_string\"}}],\"inLanguage\":\"fr-CH\"},{\"@type\":\"Organization\",\"@id\":\"https:\/\/easycurtain.ch\/fr-ch\/#organization\",\"name\":\"easyCurtain\",\"url\":\"https:\/\/easycurtain.ch\/fr-ch\/\",\"logo\":{\"@type\":\"ImageObject\",\"inLanguage\":\"fr-CH\",\"@id\":\"https:\/\/easycurtain.ch\/fr-ch\/#\/schema\/logo\/image\/\",\"url\":\"https:\/\/easycurtain.ch\/wp-content\/uploads\/2023\/09\/logo-easycurtain-massvorhang-online-1.png\",\"contentUrl\":\"https:\/\/easycurtain.ch\/wp-content\/uploads\/2023\/09\/logo-easycurtain-massvorhang-online-1.png\",\"width\":600,\"height\":138,\"caption\":\"easyCurtain\"},\"image\":{\"@id\":\"https:\/\/easycurtain.ch\/fr-ch\/#\/schema\/logo\/image\/\"}}]}<\/script>\n<!-- \/ Yoast SEO plugin. -->","yoast_head_json":{"title":"D\u00e9claration de protection des donn\u00e9es - easyCurtain","robots":{"index":"index","follow":"follow","max-snippet":"max-snippet:-1","max-image-preview":"max-image-preview:large","max-video-preview":"max-video-preview:-1"},"canonical":"https:\/\/easycurtain.ch\/fr-ch\/declaration-de-protection-des-donnees\/","og_locale":"fr_FR","og_type":"article","og_title":"D\u00e9claration de protection des donn\u00e9es - easyCurtain","og_description":"[vc_row css=&#8221;.vc_custom_1697446529585{padding-top: 40px !important;}&#8221;][vc_column width=&#8221;1\/6&#8243;][\/vc_column][vc_column width=&#8221;5\/6&#8243;][vc_column_text] Dans cette d\u00e9claration de protection des donn\u00e9es, nous, isenzio AG (ci-apr\u00e8s &#8220;isenzio&#8221;, nous ou nous), d\u00e9crivons comment nous collectons et traitons les donn\u00e9es personnelles.&hellip;","og_url":"https:\/\/easycurtain.ch\/fr-ch\/declaration-de-protection-des-donnees\/","og_site_name":"easyCurtain","article_modified_time":"2024-03-04T12:30:20+00:00","og_image":[{"width":1800,"height":900,"url":"https:\/\/easycurtain.ch\/wp-content\/uploads\/2023\/11\/datenschutzerklaerung-schoener-vorhang-helles-zimmer-1.jpg","type":"image\/jpeg"}],"twitter_card":"summary_large_image","twitter_misc":{"Est. reading time":"26 minutes"},"schema":{"@context":"https:\/\/schema.org","@graph":[{"@type":"WebPage","@id":"https:\/\/easycurtain.ch\/fr-ch\/declaration-de-protection-des-donnees\/","url":"https:\/\/easycurtain.ch\/fr-ch\/declaration-de-protection-des-donnees\/","name":"D\u00e9claration de protection des donn\u00e9es - easyCurtain","isPartOf":{"@id":"https:\/\/easycurtain.ch\/fr-ch\/#website"},"primaryImageOfPage":{"@id":"https:\/\/easycurtain.ch\/fr-ch\/declaration-de-protection-des-donnees\/#primaryimage"},"image":{"@id":"https:\/\/easycurtain.ch\/fr-ch\/declaration-de-protection-des-donnees\/#primaryimage"},"thumbnailUrl":"https:\/\/easycurtain.ch\/wp-content\/uploads\/2023\/11\/datenschutzerklaerung-schoener-vorhang-helles-zimmer-1.jpg","datePublished":"2023-09-19T06:35:43+00:00","dateModified":"2024-03-04T12:30:20+00:00","breadcrumb":{"@id":"https:\/\/easycurtain.ch\/fr-ch\/declaration-de-protection-des-donnees\/#breadcrumb"},"inLanguage":"fr-CH","potentialAction":[{"@type":"ReadAction","target":["https:\/\/easycurtain.ch\/fr-ch\/declaration-de-protection-des-donnees\/"]}]},{"@type":"ImageObject","inLanguage":"fr-CH","@id":"https:\/\/easycurtain.ch\/fr-ch\/declaration-de-protection-des-donnees\/#primaryimage","url":"https:\/\/easycurtain.ch\/wp-content\/uploads\/2023\/11\/datenschutzerklaerung-schoener-vorhang-helles-zimmer-1.jpg","contentUrl":"https:\/\/easycurtain.ch\/wp-content\/uploads\/2023\/11\/datenschutzerklaerung-schoener-vorhang-helles-zimmer-1.jpg","width":1800,"height":900,"caption":"Datenschutzerkl\u00e4rung - Sch\u00f6ner Vohrang in hellem Zimmer"},{"@type":"BreadcrumbList","@id":"https:\/\/easycurtain.ch\/fr-ch\/declaration-de-protection-des-donnees\/#breadcrumb","itemListElement":[{"@type":"ListItem","position":1,"name":"Home","item":"https:\/\/easycurtain.ch\/fr-ch\/?page_id=101168"},{"@type":"ListItem","position":2,"name":"D\u00e9claration de protection des donn\u00e9es"}]},{"@type":"WebSite","@id":"https:\/\/easycurtain.ch\/fr-ch\/#website","url":"https:\/\/easycurtain.ch\/fr-ch\/","name":"easyCurtain","description":"Superbes rideaux. Petits prix.","publisher":{"@id":"https:\/\/easycurtain.ch\/fr-ch\/#organization"},"potentialAction":[{"@type":"SearchAction","target":{"@type":"EntryPoint","urlTemplate":"https:\/\/easycurtain.ch\/fr-ch\/?s={search_term_string}"},"query-input":{"@type":"PropertyValueSpecification","valueRequired":true,"valueName":"search_term_string"}}],"inLanguage":"fr-CH"},{"@type":"Organization","@id":"https:\/\/easycurtain.ch\/fr-ch\/#organization","name":"easyCurtain","url":"https:\/\/easycurtain.ch\/fr-ch\/","logo":{"@type":"ImageObject","inLanguage":"fr-CH","@id":"https:\/\/easycurtain.ch\/fr-ch\/#\/schema\/logo\/image\/","url":"https:\/\/easycurtain.ch\/wp-content\/uploads\/2023\/09\/logo-easycurtain-massvorhang-online-1.png","contentUrl":"https:\/\/easycurtain.ch\/wp-content\/uploads\/2023\/09\/logo-easycurtain-massvorhang-online-1.png","width":600,"height":138,"caption":"easyCurtain"},"image":{"@id":"https:\/\/easycurtain.ch\/fr-ch\/#\/schema\/logo\/image\/"}}]}},"_links":{"self":[{"href":"https:\/\/easycurtain.ch\/fr-ch\/wp-json\/wp\/v2\/pages\/101158","targetHints":{"allow":["GET"]}}],"collection":[{"href":"https:\/\/easycurtain.ch\/fr-ch\/wp-json\/wp\/v2\/pages"}],"about":[{"href":"https:\/\/easycurtain.ch\/fr-ch\/wp-json\/wp\/v2\/types\/page"}],"author":[{"embeddable":true,"href":"https:\/\/easycurtain.ch\/fr-ch\/wp-json\/wp\/v2\/users\/1"}],"replies":[{"embeddable":true,"href":"https:\/\/easycurtain.ch\/fr-ch\/wp-json\/wp\/v2\/comments?post=101158"}],"version-history":[{"count":19,"href":"https:\/\/easycurtain.ch\/fr-ch\/wp-json\/wp\/v2\/pages\/101158\/revisions"}],"predecessor-version":[{"id":104526,"href":"https:\/\/easycurtain.ch\/fr-ch\/wp-json\/wp\/v2\/pages\/101158\/revisions\/104526"}],"wp:featuredmedia":[{"embeddable":true,"href":"https:\/\/easycurtain.ch\/fr-ch\/wp-json\/wp\/v2\/media\/100395"}],"wp:attachment":[{"href":"https:\/\/easycurtain.ch\/fr-ch\/wp-json\/wp\/v2\/media?parent=101158"}],"curies":[{"name":"wp","href":"https:\/\/api.w.org\/{rel}","templated":true}]}}